{"id":284,"date":"2024-10-18T20:39:51","date_gmt":"2024-10-18T20:39:51","guid":{"rendered":"https:\/\/encuentro.udgvirtual.udg.mx\/?page_id=284"},"modified":"2024-11-29T13:23:14","modified_gmt":"2024-11-29T13:23:14","slug":"talleres","status":"publish","type":"page","link":"https:\/\/encuentro.udgvirtual.udg.mx\/index.php\/talleres\/","title":{"rendered":"TALLERES"},"content":{"rendered":"\t\t<div data-elementor-type=\"wp-page\" data-elementor-id=\"284\" class=\"elementor elementor-284\">\n\t\t\t\t<div class=\"elementor-element elementor-element-0f5edf9 e-flex e-con-boxed e-con e-parent\" data-id=\"0f5edf9\" data-element_type=\"container\" data-e-type=\"container\">\n\t\t\t\t\t<div class=\"e-con-inner\">\n\t\t\t\t<div class=\"elementor-element elementor-element-49e057e elementor-widget elementor-widget-heading\" data-id=\"49e057e\" data-element_type=\"widget\" data-e-type=\"widget\" data-widget_type=\"heading.default\">\n\t\t\t\t<div class=\"elementor-widget-container\">\n\t\t\t\t\t<h2 class=\"elementor-heading-title elementor-size-default\">\u00cdNDICE<\/h2>\t\t\t\t<\/div>\n\t\t\t\t<\/div>\n\t\t\t\t\t<\/div>\n\t\t\t\t<\/div>\n\t\t<div class=\"elementor-element elementor-element-a53722c e-flex e-con-boxed e-con e-parent\" data-id=\"a53722c\" data-element_type=\"container\" data-e-type=\"container\">\n\t\t\t\t\t<div class=\"e-con-inner\">\n\t\t<div class=\"elementor-element elementor-element-f7939a2 e-con-full e-flex e-con e-child\" data-id=\"f7939a2\" data-element_type=\"container\" data-e-type=\"container\">\n\t\t\t\t<div class=\"elementor-element elementor-element-b7695c2 elementor-widget__width-initial elementor-widget-tablet__width-initial elementor-widget elementor-widget-image\" data-id=\"b7695c2\" data-element_type=\"widget\" data-e-type=\"widget\" data-widget_type=\"image.default\">\n\t\t\t\t<div class=\"elementor-widget-container\">\n\t\t\t\t\t\t\t\t\t\t\t\t\t\t\t<img decoding=\"async\" width=\"800\" height=\"7\" src=\"https:\/\/encuentro.udgvirtual.udg.mx\/wp-content\/uploads\/2024\/10\/Banner_Separador_Linea-1024x9.png\" class=\"attachment-large size-large wp-image-621\" alt=\"\" srcset=\"https:\/\/encuentro.udgvirtual.udg.mx\/wp-content\/uploads\/2024\/10\/Banner_Separador_Linea-1024x9.png 1024w, https:\/\/encuentro.udgvirtual.udg.mx\/wp-content\/uploads\/2024\/10\/Banner_Separador_Linea-300x3.png 300w, https:\/\/encuentro.udgvirtual.udg.mx\/wp-content\/uploads\/2024\/10\/Banner_Separador_Linea-768x7.png 768w, https:\/\/encuentro.udgvirtual.udg.mx\/wp-content\/uploads\/2024\/10\/Banner_Separador_Linea-1536x14.png 1536w, https:\/\/encuentro.udgvirtual.udg.mx\/wp-content\/uploads\/2024\/10\/Banner_Separador_Linea-2048x18.png 2048w\" sizes=\"(max-width: 800px) 100vw, 800px\" \/>\t\t\t\t\t\t\t\t\t\t\t\t\t\t\t<\/div>\n\t\t\t\t<\/div>\n\t\t\t\t<\/div>\n\t\t<div class=\"elementor-element elementor-element-4d10843 e-con-full e-flex e-con e-child\" data-id=\"4d10843\" data-element_type=\"container\" data-e-type=\"container\">\n\t\t\t\t<div class=\"elementor-element elementor-element-48089f3 elementor-widget__width-initial elementor-widget-tablet__width-initial elementor-widget-mobile__width-initial elementor-widget elementor-widget-text-editor\" data-id=\"48089f3\" data-element_type=\"widget\" data-e-type=\"widget\" data-widget_type=\"text-editor.default\">\n\t\t\t\t<div class=\"elementor-widget-container\">\n\t\t\t\t\t\t\t\t\t<ol><li><a href=\"#T1\">Acciones de Innovaci\u00f3n educativa: el camino de la transformaci\u00f3n digital en la docencia<\/a><\/li><li style=\"font-size: 16px;\"><a href=\"https:\/\/encuentro.udgvirtual.udg.mx\/index.php\/talleres\/?elementor-preview=284&amp;ver=1731002766#T4\">Co-Dise\u00f1o de la ense\u00f1anza a trav\u00e9s del An\u00e1lisis y Dise\u00f1o Centrado en la Actividad (ACAD) en Educaci\u00f3n a Distancia<\/a><\/li><li><a href=\"#T10\">Disrupciones de la Inteligencia Artificial en el Campus Universitario. Una visi\u00f3n hol\u00edstica<\/a><\/li><li><a href=\"#T9\">Gamificaci\u00f3n y D&amp;D para Ense\u00f1ar Inteligencia Artificial Creativa<\/a><\/li><li><a href=\"#T2\">Inclusi\u00f3n digital a trav\u00e9s de la IA: Herramientas multimedia<\/a><\/li><li><a href=\"#T3\">Inteligencia Artificial Generativa para dise\u00f1ar experiencias de aprendizaje<\/a><\/li><li><a href=\"#T7\">Megatendencias y transformaci\u00f3n digital IES<\/a><\/li><li><a href=\"#T5\">Portafolio docente para la educaci\u00f3n virtual<\/a><\/li><li><a href=\"#T8\">Recorridos Virtuales en Entornos 360<\/a><\/li><li><a href=\"#T6\">Uso de la inteligencia artificial en el proceso de redacci\u00f3n de art\u00edculos cient\u00edficos: una herramienta a favor<\/a><\/li><\/ol>\t\t\t\t\t\t\t\t<\/div>\n\t\t\t\t<\/div>\n\t\t\t\t<\/div>\n\t\t\t\t\t<\/div>\n\t\t\t\t<\/div>\n\t\t<div class=\"elementor-element elementor-element-a4789f5 e-flex e-con-boxed e-con e-parent\" data-id=\"a4789f5\" data-element_type=\"container\" data-e-type=\"container\">\n\t\t\t\t\t<div class=\"e-con-inner\">\n\t\t\t\t<div class=\"elementor-element elementor-element-b48332f elementor-widget elementor-widget-image\" data-id=\"b48332f\" data-element_type=\"widget\" data-e-type=\"widget\" data-widget_type=\"image.default\">\n\t\t\t\t<div class=\"elementor-widget-container\">\n\t\t\t\t\t\t\t\t\t\t\t\t\t\t\t<img fetchpriority=\"high\" decoding=\"async\" width=\"1140\" height=\"55\" src=\"https:\/\/encuentro.udgvirtual.udg.mx\/wp-content\/uploads\/2024\/10\/Banner_SeparadorB.png\" class=\"attachment-1536x1536 size-1536x1536 wp-image-229\" alt=\"\" srcset=\"https:\/\/encuentro.udgvirtual.udg.mx\/wp-content\/uploads\/2024\/10\/Banner_SeparadorB.png 1140w, https:\/\/encuentro.udgvirtual.udg.mx\/wp-content\/uploads\/2024\/10\/Banner_SeparadorB-300x14.png 300w, https:\/\/encuentro.udgvirtual.udg.mx\/wp-content\/uploads\/2024\/10\/Banner_SeparadorB-1024x49.png 1024w, https:\/\/encuentro.udgvirtual.udg.mx\/wp-content\/uploads\/2024\/10\/Banner_SeparadorB-768x37.png 768w\" sizes=\"(max-width: 1140px) 100vw, 1140px\" \/>\t\t\t\t\t\t\t\t\t\t\t\t\t\t\t<\/div>\n\t\t\t\t<\/div>\n\t\t\t\t<div class=\"elementor-element elementor-element-8f88474 elementor-widget elementor-widget-heading\" data-id=\"8f88474\" data-element_type=\"widget\" data-e-type=\"widget\" id=\"T1\" data-widget_type=\"heading.default\">\n\t\t\t\t<div class=\"elementor-widget-container\">\n\t\t\t\t\t<h2 class=\"elementor-heading-title elementor-size-default\">Acciones de Innovaci\u00f3n educativa: el camino de la transformaci\u00f3n digital en la docencia<\/h2>\t\t\t\t<\/div>\n\t\t\t\t<\/div>\n\t\t\t\t<div class=\"elementor-element elementor-element-eb8f33c elementor-widget elementor-widget-heading\" data-id=\"eb8f33c\" data-element_type=\"widget\" data-e-type=\"widget\" data-widget_type=\"heading.default\">\n\t\t\t\t<div class=\"elementor-widget-container\">\n\t\t\t\t\t<h4 class=\"elementor-heading-title elementor-size-default\">Modalidad: presencial<\/h4>\t\t\t\t<\/div>\n\t\t\t\t<\/div>\n\t\t<div class=\"elementor-element elementor-element-0babbd4 e-grid e-con-full e-con e-child\" data-id=\"0babbd4\" data-element_type=\"container\" data-e-type=\"container\">\n\t\t\t\t<div class=\"elementor-element elementor-element-a900b33 elementor-widget__width-initial elementor-widget-tablet__width-auto elementor-widget elementor-widget-testimonial\" data-id=\"a900b33\" data-element_type=\"widget\" data-e-type=\"widget\" data-widget_type=\"testimonial.default\">\n\t\t\t\t<div class=\"elementor-widget-container\">\n\t\t\t\t\t\t\t<div class=\"elementor-testimonial-wrapper\">\n\t\t\t\n\t\t\t\t\t\t<div class=\"elementor-testimonial-meta elementor-has-image elementor-testimonial-image-position-top\">\n\t\t\t\t<div class=\"elementor-testimonial-meta-inner\">\n\t\t\t\t\t\t\t\t\t\t\t<div class=\"elementor-testimonial-image\">\n\t\t\t\t\t\t\t<img decoding=\"async\" width=\"414\" height=\"506\" src=\"https:\/\/encuentro.udgvirtual.udg.mx\/wp-content\/uploads\/2024\/10\/Mtra.-Elsa-Mari\u0301a-Fueyo-Herna\u0301ndez.png\" class=\"attachment-medium_large size-medium_large wp-image-639\" alt=\"\" srcset=\"https:\/\/encuentro.udgvirtual.udg.mx\/wp-content\/uploads\/2024\/10\/Mtra.-Elsa-Mari\u0301a-Fueyo-Herna\u0301ndez.png 414w, https:\/\/encuentro.udgvirtual.udg.mx\/wp-content\/uploads\/2024\/10\/Mtra.-Elsa-Mari\u0301a-Fueyo-Herna\u0301ndez-245x300.png 245w\" sizes=\"(max-width: 414px) 100vw, 414px\" \/>\t\t\t\t\t\t<\/div>\n\t\t\t\t\t\n\t\t\t\t\t\t\t\t\t\t<div class=\"elementor-testimonial-details\">\n\t\t\t\t\t\t\t\t\t\t\t\t\t\t<div class=\"elementor-testimonial-name\">Elsa Mar\u00eda Fueyo Hern\u00e1ndez<\/div>\n\t\t\t\t\t\t\t\t\t\t\t\t\t\t\t\t\t\t\t<\/div>\n\t\t\t\t\t\t\t\t\t<\/div>\n\t\t\t<\/div>\n\t\t\t\t\t<\/div>\n\t\t\t\t\t\t<\/div>\n\t\t\t\t<\/div>\n\t\t\t\t<div class=\"elementor-element elementor-element-53f5d73 elementor-widget__width-initial elementor-widget-tablet__width-auto elementor-widget elementor-widget-testimonial\" data-id=\"53f5d73\" data-element_type=\"widget\" data-e-type=\"widget\" data-widget_type=\"testimonial.default\">\n\t\t\t\t<div class=\"elementor-widget-container\">\n\t\t\t\t\t\t\t<div class=\"elementor-testimonial-wrapper\">\n\t\t\t\n\t\t\t\t\t\t<div class=\"elementor-testimonial-meta elementor-has-image elementor-testimonial-image-position-top\">\n\t\t\t\t<div class=\"elementor-testimonial-meta-inner\">\n\t\t\t\t\t\t\t\t\t\t\t<div class=\"elementor-testimonial-image\">\n\t\t\t\t\t\t\t<img loading=\"lazy\" decoding=\"async\" width=\"768\" height=\"1024\" src=\"https:\/\/encuentro.udgvirtual.udg.mx\/wp-content\/uploads\/2024\/10\/Mtra.-Mireya-Lo\u0301pez-Acosta-768x1024.jpg\" class=\"attachment-medium_large size-medium_large wp-image-632\" alt=\"\" srcset=\"https:\/\/encuentro.udgvirtual.udg.mx\/wp-content\/uploads\/2024\/10\/Mtra.-Mireya-Lo\u0301pez-Acosta-768x1024.jpg 768w, https:\/\/encuentro.udgvirtual.udg.mx\/wp-content\/uploads\/2024\/10\/Mtra.-Mireya-Lo\u0301pez-Acosta-225x300.jpg 225w, https:\/\/encuentro.udgvirtual.udg.mx\/wp-content\/uploads\/2024\/10\/Mtra.-Mireya-Lo\u0301pez-Acosta-1152x1536.jpg 1152w, https:\/\/encuentro.udgvirtual.udg.mx\/wp-content\/uploads\/2024\/10\/Mtra.-Mireya-Lo\u0301pez-Acosta-1536x2048.jpg 1536w, https:\/\/encuentro.udgvirtual.udg.mx\/wp-content\/uploads\/2024\/10\/Mtra.-Mireya-Lo\u0301pez-Acosta-scaled.jpg 1920w\" sizes=\"(max-width: 768px) 100vw, 768px\" \/>\t\t\t\t\t\t<\/div>\n\t\t\t\t\t\n\t\t\t\t\t\t\t\t\t\t<div class=\"elementor-testimonial-details\">\n\t\t\t\t\t\t\t\t\t\t\t\t\t\t<div class=\"elementor-testimonial-name\">Mireya L\u00f3pez Acosta<\/div>\n\t\t\t\t\t\t\t\t\t\t\t\t\t\t\t\t\t\t\t<\/div>\n\t\t\t\t\t\t\t\t\t<\/div>\n\t\t\t<\/div>\n\t\t\t\t\t<\/div>\n\t\t\t\t\t\t<\/div>\n\t\t\t\t<\/div>\n\t\t\t\t<div class=\"elementor-element elementor-element-fc9a8d5 elementor-widget__width-initial elementor-widget-tablet__width-auto elementor-widget elementor-widget-testimonial\" data-id=\"fc9a8d5\" data-element_type=\"widget\" data-e-type=\"widget\" data-widget_type=\"testimonial.default\">\n\t\t\t\t<div class=\"elementor-widget-container\">\n\t\t\t\t\t\t\t<div class=\"elementor-testimonial-wrapper\">\n\t\t\t\n\t\t\t\t\t\t<div class=\"elementor-testimonial-meta elementor-has-image elementor-testimonial-image-position-top\">\n\t\t\t\t<div class=\"elementor-testimonial-meta-inner\">\n\t\t\t\t\t\t\t\t\t\t\t<div class=\"elementor-testimonial-image\">\n\t\t\t\t\t\t\t<img loading=\"lazy\" decoding=\"async\" width=\"579\" height=\"543\" src=\"https:\/\/encuentro.udgvirtual.udg.mx\/wp-content\/uploads\/2024\/10\/Mtra.-Vero\u0301nica-Luna-de-la-Luz.jpg\" class=\"attachment-medium_large size-medium_large wp-image-636\" alt=\"\" srcset=\"https:\/\/encuentro.udgvirtual.udg.mx\/wp-content\/uploads\/2024\/10\/Mtra.-Vero\u0301nica-Luna-de-la-Luz.jpg 579w, https:\/\/encuentro.udgvirtual.udg.mx\/wp-content\/uploads\/2024\/10\/Mtra.-Vero\u0301nica-Luna-de-la-Luz-300x281.jpg 300w\" sizes=\"(max-width: 579px) 100vw, 579px\" \/>\t\t\t\t\t\t<\/div>\n\t\t\t\t\t\n\t\t\t\t\t\t\t\t\t\t<div class=\"elementor-testimonial-details\">\n\t\t\t\t\t\t\t\t\t\t\t\t\t\t<div class=\"elementor-testimonial-name\">Ver\u00f3nica Luna de la Luz<\/div>\n\t\t\t\t\t\t\t\t\t\t\t\t\t\t\t\t\t\t\t<\/div>\n\t\t\t\t\t\t\t\t\t<\/div>\n\t\t\t<\/div>\n\t\t\t\t\t<\/div>\n\t\t\t\t\t\t<\/div>\n\t\t\t\t<\/div>\n\t\t\t\t<div class=\"elementor-element elementor-element-ec1dfcd elementor-widget__width-initial elementor-widget-tablet__width-auto elementor-widget elementor-widget-testimonial\" data-id=\"ec1dfcd\" data-element_type=\"widget\" data-e-type=\"widget\" data-widget_type=\"testimonial.default\">\n\t\t\t\t<div class=\"elementor-widget-container\">\n\t\t\t\t\t\t\t<div class=\"elementor-testimonial-wrapper\">\n\t\t\t\n\t\t\t\t\t\t<div class=\"elementor-testimonial-meta elementor-has-image elementor-testimonial-image-position-top\">\n\t\t\t\t<div class=\"elementor-testimonial-meta-inner\">\n\t\t\t\t\t\t\t\t\t\t\t<div class=\"elementor-testimonial-image\">\n\t\t\t\t\t\t\t<img loading=\"lazy\" decoding=\"async\" width=\"640\" height=\"640\" src=\"https:\/\/encuentro.udgvirtual.udg.mx\/wp-content\/uploads\/2024\/10\/Mtra.-Alejandra-Cruz-Cruz.jpg\" class=\"attachment-medium_large size-medium_large wp-image-638\" alt=\"\" srcset=\"https:\/\/encuentro.udgvirtual.udg.mx\/wp-content\/uploads\/2024\/10\/Mtra.-Alejandra-Cruz-Cruz.jpg 640w, https:\/\/encuentro.udgvirtual.udg.mx\/wp-content\/uploads\/2024\/10\/Mtra.-Alejandra-Cruz-Cruz-300x300.jpg 300w, https:\/\/encuentro.udgvirtual.udg.mx\/wp-content\/uploads\/2024\/10\/Mtra.-Alejandra-Cruz-Cruz-150x150.jpg 150w\" sizes=\"(max-width: 640px) 100vw, 640px\" \/>\t\t\t\t\t\t<\/div>\n\t\t\t\t\t\n\t\t\t\t\t\t\t\t\t\t<div class=\"elementor-testimonial-details\">\n\t\t\t\t\t\t\t\t\t\t\t\t\t\t<div class=\"elementor-testimonial-name\">Alejandra Cruz Cruz<\/div>\n\t\t\t\t\t\t\t\t\t\t\t\t\t\t\t\t\t\t\t<\/div>\n\t\t\t\t\t\t\t\t\t<\/div>\n\t\t\t<\/div>\n\t\t\t\t\t<\/div>\n\t\t\t\t\t\t<\/div>\n\t\t\t\t<\/div>\n\t\t\t\t<\/div>\n\t\t\t\t<div class=\"elementor-element elementor-element-af3b00b elementor-widget elementor-widget-text-editor\" data-id=\"af3b00b\" data-element_type=\"widget\" data-e-type=\"widget\" data-widget_type=\"text-editor.default\">\n\t\t\t\t<div class=\"elementor-widget-container\">\n\t\t\t\t\t\t\t\t\t<p><strong>Descripci\u00f3n:<br \/><\/strong>En este taller exploraremos c\u00f3mo las tecnolog\u00edas emergentes y las metodolog\u00edas pedag\u00f3gicas innovadoras pueden transformar la experiencia de aprendizaje de sus estudiantes. Descubrir\u00e1 herramientas y estrategias que puede implementar inmediatamente en su aula, conocer\u00e1 las \u00faltimas tendencias en tecnolog\u00eda educativa y c\u00f3mo aplicarlas en su disciplina, metodolog\u00edas pedag\u00f3gicas innovadoras que fomentan el compromiso y el aprendizaje activo, estrategias para integrar efectivamente la tecnolog\u00eda y las metodolog\u00edas activas y c\u00f3mo desarrollar experiencias de aprendizaje m\u00e1s din\u00e1micas, personalizadas y alineadas con las demandas actuales del entorno educativo.<\/p><p><strong>Objetivos:<br \/><\/strong>El profesorado ser\u00e1 capaz de utilizar de manera estrat\u00e9gica diversas tecnolog\u00edas emergentes y metodolog\u00edas pedag\u00f3gicas para impulsar la transformaci\u00f3n digital con el fin de mejorar la experiencia de aprendizaje del estudiantado.<\/p><p><strong>Contenidos tem\u00e1ticos:<br \/><\/strong>1. Importancia de la transformaci\u00f3n digital en la educaci\u00f3n superior<br \/>2. Tecnolog\u00edas emergentes en la educaci\u00f3n superior<br \/>3. Metodolog\u00edas para activar el aprendizaje<br \/>4. Did\u00e1ctica con tecnolog\u00eda educativa<\/p><p><b>Requerimientos para los participantes:<br \/><\/b>Equipo de c\u00f3mputo port\u00e1til.<\/p>\t\t\t\t\t\t\t\t<\/div>\n\t\t\t\t<\/div>\n\t\t\t\t<div class=\"elementor-element elementor-element-4fe12fe elementor-widget elementor-widget-image\" data-id=\"4fe12fe\" data-element_type=\"widget\" data-e-type=\"widget\" data-widget_type=\"image.default\">\n\t\t\t\t<div class=\"elementor-widget-container\">\n\t\t\t\t\t\t\t\t\t\t\t\t\t\t\t<img decoding=\"async\" width=\"800\" height=\"7\" src=\"https:\/\/encuentro.udgvirtual.udg.mx\/wp-content\/uploads\/2024\/10\/Banner_Separador_Linea-1024x9.png\" class=\"attachment-large size-large wp-image-621\" alt=\"\" srcset=\"https:\/\/encuentro.udgvirtual.udg.mx\/wp-content\/uploads\/2024\/10\/Banner_Separador_Linea-1024x9.png 1024w, https:\/\/encuentro.udgvirtual.udg.mx\/wp-content\/uploads\/2024\/10\/Banner_Separador_Linea-300x3.png 300w, https:\/\/encuentro.udgvirtual.udg.mx\/wp-content\/uploads\/2024\/10\/Banner_Separador_Linea-768x7.png 768w, https:\/\/encuentro.udgvirtual.udg.mx\/wp-content\/uploads\/2024\/10\/Banner_Separador_Linea-1536x14.png 1536w, https:\/\/encuentro.udgvirtual.udg.mx\/wp-content\/uploads\/2024\/10\/Banner_Separador_Linea-2048x18.png 2048w\" sizes=\"(max-width: 800px) 100vw, 800px\" \/>\t\t\t\t\t\t\t\t\t\t\t\t\t\t\t<\/div>\n\t\t\t\t<\/div>\n\t\t\t\t\t<\/div>\n\t\t\t\t<\/div>\n\t\t<div class=\"elementor-element elementor-element-210bfd1 e-flex e-con-boxed e-con e-parent\" data-id=\"210bfd1\" data-element_type=\"container\" data-e-type=\"container\">\n\t\t\t\t\t<div class=\"e-con-inner\">\n\t\t\t\t<div class=\"elementor-element elementor-element-cb0e120 elementor-widget elementor-widget-heading\" data-id=\"cb0e120\" data-element_type=\"widget\" data-e-type=\"widget\" id=\"T4\" data-widget_type=\"heading.default\">\n\t\t\t\t<div class=\"elementor-widget-container\">\n\t\t\t\t\t<h2 class=\"elementor-heading-title elementor-size-default\">Co-Dise\u00f1o de la ense\u00f1anza a trav\u00e9s del An\u00e1lisis y Dise\u00f1o Centrado en la Actividad (ACAD) en Educaci\u00f3n a Distancia<\/h2>\t\t\t\t<\/div>\n\t\t\t\t<\/div>\n\t\t\t\t<div class=\"elementor-element elementor-element-a8290b5 elementor-widget elementor-widget-heading\" data-id=\"a8290b5\" data-element_type=\"widget\" data-e-type=\"widget\" data-widget_type=\"heading.default\">\n\t\t\t\t<div class=\"elementor-widget-container\">\n\t\t\t\t\t<h4 class=\"elementor-heading-title elementor-size-default\">Modalidad: presencial<\/h4>\t\t\t\t<\/div>\n\t\t\t\t<\/div>\n\t\t<div class=\"elementor-element elementor-element-ae112a8 e-grid e-con-full e-con e-child\" data-id=\"ae112a8\" data-element_type=\"container\" data-e-type=\"container\">\n\t\t\t\t<div class=\"elementor-element elementor-element-799ec83 elementor-widget__width-initial elementor-widget elementor-widget-testimonial\" data-id=\"799ec83\" data-element_type=\"widget\" data-e-type=\"widget\" data-widget_type=\"testimonial.default\">\n\t\t\t\t<div class=\"elementor-widget-container\">\n\t\t\t\t\t\t\t<div class=\"elementor-testimonial-wrapper\">\n\t\t\t\n\t\t\t\t\t\t<div class=\"elementor-testimonial-meta elementor-has-image elementor-testimonial-image-position-top\">\n\t\t\t\t<div class=\"elementor-testimonial-meta-inner\">\n\t\t\t\t\t\t\t\t\t\t\t<div class=\"elementor-testimonial-image\">\n\t\t\t\t\t\t\t<img loading=\"lazy\" decoding=\"async\" width=\"768\" height=\"754\" src=\"https:\/\/encuentro.udgvirtual.udg.mx\/wp-content\/uploads\/2024\/10\/Mtra.-Gabriela-Sabulsky-768x754.jpeg\" class=\"attachment-medium_large size-medium_large wp-image-637\" alt=\"\" srcset=\"https:\/\/encuentro.udgvirtual.udg.mx\/wp-content\/uploads\/2024\/10\/Mtra.-Gabriela-Sabulsky-768x754.jpeg 768w, https:\/\/encuentro.udgvirtual.udg.mx\/wp-content\/uploads\/2024\/10\/Mtra.-Gabriela-Sabulsky-300x295.jpeg 300w, https:\/\/encuentro.udgvirtual.udg.mx\/wp-content\/uploads\/2024\/10\/Mtra.-Gabriela-Sabulsky.jpeg 991w\" sizes=\"(max-width: 768px) 100vw, 768px\" \/>\t\t\t\t\t\t<\/div>\n\t\t\t\t\t\n\t\t\t\t\t\t\t\t\t\t<div class=\"elementor-testimonial-details\">\n\t\t\t\t\t\t\t\t\t\t\t\t\t\t<div class=\"elementor-testimonial-name\">Gabriela Sabulsky<\/div>\n\t\t\t\t\t\t\t\t\t\t\t\t\t\t\t\t\t\t\t<\/div>\n\t\t\t\t\t\t\t\t\t<\/div>\n\t\t\t<\/div>\n\t\t\t\t\t<\/div>\n\t\t\t\t\t\t<\/div>\n\t\t\t\t<\/div>\n\t\t\t\t<\/div>\n\t\t\t\t<div class=\"elementor-element elementor-element-e22cea6 elementor-widget elementor-widget-text-editor\" data-id=\"e22cea6\" data-element_type=\"widget\" data-e-type=\"widget\" data-widget_type=\"text-editor.default\">\n\t\t\t\t<div class=\"elementor-widget-container\">\n\t\t\t\t\t\t\t\t\t<p><strong>Descripci\u00f3n: <\/strong><br \/>El \u201cAn\u00e1lisis y Dise\u00f1o Centrado en la Actividad\u201d (ACAD) propuesto por Carvalho y Goodyear (2014) es un marco para comprender y dise\u00f1ar situaciones de aprendizaje considerando tres dimensiones sobre la que los\/as profesores\/as pueden tomar decisiones: 1) el espacio educativo, 2) la interacci\u00f3n social y 3) las tareas o actividades que se solicitan al estudiantado. En el presente taller invitamos a trabajar sobre el Toolkit ACAD, versi\u00f3n adaptada por la Universidad Nacional de C\u00f3rdoba, Argentina, con la intenci\u00f3n de proponer su aplicaci\u00f3n a situaciones de aprendizaje a distancia. El Toolkit ACAD permite objetivar las dimensiones concretas que hacen al dise\u00f1o de una experiencia educativa, de tal manera que la propuesta de ense\u00f1anza aparece como un rompecabezas armado por m\u00faltiples piezas que se articulan para dar cuenta de un posible escenario de aprendizaje. Para eso, se utilizan un conjunto de tarjetas que representan cada una de las dimensiones dise\u00f1ables de la situaci\u00f3n de aprendizaje. Estas tarjetas permiten animar la situaci\u00f3n como si dise\u00f1ar tuvieran algo de juego, algo de descubrimiento, algo de originalidad, seg\u00fan las piezas que se vayan integrando sobre el lienzo. El taller se propone codise\u00f1ar experiencias de aprendizaje utilizando las tarjetas del Toolkit y creando nuevas a partir de la identificaci\u00f3n de necesidades, problem\u00e1ticas y desaf\u00edos particulares de la modalidad a distancia.<\/p><p><strong>Objetivos: <\/strong><br \/>El objetivo del taller es compartir el marco ACAD para el dise\u00f1o de situaciones de ense\u00f1anza con la intenci\u00f3n de ampliar su alcance a partir de la identificaci\u00f3n de necesidades, problem\u00e1ticas y desaf\u00edos del dise\u00f1o de situaciones de ense\u00f1anza en la modalidad a distancia. Como resultado del Taller se espera aplicar a Toolkit ACAD (FCE-UNC) a la modalidad a distancia a partir de la creaci\u00f3n de nuevas dimensiones\/tarjetas.<\/p><p><strong>Contenidos tem\u00e1ticos:<\/strong><br \/>Co-dise\u00f1o en la gesti\u00f3n del aprendizaje a distancia<br \/>Experiencias educativa interactivas en escenarios combinados<br \/>\u201cAn\u00e1lisis y Dise\u00f1o Centrado en la Actividad\u201d (ACAD)<br \/>Toolkit ACAD<\/p><p><strong>Requerimientos para los participantes:<\/strong><br \/>*****<\/p>\t\t\t\t\t\t\t\t<\/div>\n\t\t\t\t<\/div>\n\t\t\t\t<div class=\"elementor-element elementor-element-379dfaf elementor-widget elementor-widget-image\" data-id=\"379dfaf\" data-element_type=\"widget\" data-e-type=\"widget\" data-widget_type=\"image.default\">\n\t\t\t\t<div class=\"elementor-widget-container\">\n\t\t\t\t\t\t\t\t\t\t\t\t\t\t\t<img decoding=\"async\" width=\"800\" height=\"7\" src=\"https:\/\/encuentro.udgvirtual.udg.mx\/wp-content\/uploads\/2024\/10\/Banner_Separador_Linea-1024x9.png\" class=\"attachment-large size-large wp-image-621\" alt=\"\" srcset=\"https:\/\/encuentro.udgvirtual.udg.mx\/wp-content\/uploads\/2024\/10\/Banner_Separador_Linea-1024x9.png 1024w, https:\/\/encuentro.udgvirtual.udg.mx\/wp-content\/uploads\/2024\/10\/Banner_Separador_Linea-300x3.png 300w, https:\/\/encuentro.udgvirtual.udg.mx\/wp-content\/uploads\/2024\/10\/Banner_Separador_Linea-768x7.png 768w, https:\/\/encuentro.udgvirtual.udg.mx\/wp-content\/uploads\/2024\/10\/Banner_Separador_Linea-1536x14.png 1536w, https:\/\/encuentro.udgvirtual.udg.mx\/wp-content\/uploads\/2024\/10\/Banner_Separador_Linea-2048x18.png 2048w\" sizes=\"(max-width: 800px) 100vw, 800px\" \/>\t\t\t\t\t\t\t\t\t\t\t\t\t\t\t<\/div>\n\t\t\t\t<\/div>\n\t\t\t\t\t<\/div>\n\t\t\t\t<\/div>\n\t\t<div class=\"elementor-element elementor-element-da0d3a3 e-flex e-con-boxed e-con e-parent\" data-id=\"da0d3a3\" data-element_type=\"container\" data-e-type=\"container\">\n\t\t\t\t\t<div class=\"e-con-inner\">\n\t\t\t\t<div class=\"elementor-element elementor-element-a65f18c elementor-widget elementor-widget-heading\" data-id=\"a65f18c\" data-element_type=\"widget\" data-e-type=\"widget\" id=\"T9\" data-widget_type=\"heading.default\">\n\t\t\t\t<div class=\"elementor-widget-container\">\n\t\t\t\t\t<h2 class=\"elementor-heading-title elementor-size-default\">Disrupciones de la Inteligencia Artificial en el Campus Universitario. Una visi\u00f3n hol\u00edstica<\/h2>\t\t\t\t<\/div>\n\t\t\t\t<\/div>\n\t\t\t\t<div class=\"elementor-element elementor-element-ab62bfa elementor-widget elementor-widget-heading\" data-id=\"ab62bfa\" data-element_type=\"widget\" data-e-type=\"widget\" data-widget_type=\"heading.default\">\n\t\t\t\t<div class=\"elementor-widget-container\">\n\t\t\t\t\t<h4 class=\"elementor-heading-title elementor-size-default\">Modalidad: Presencial<\/h4>\t\t\t\t<\/div>\n\t\t\t\t<\/div>\n\t\t<div class=\"elementor-element elementor-element-daded9a e-grid e-con-full e-con e-child\" data-id=\"daded9a\" data-element_type=\"container\" data-e-type=\"container\">\n\t\t\t\t<div class=\"elementor-element elementor-element-297064b elementor-widget__width-initial elementor-widget elementor-widget-testimonial\" data-id=\"297064b\" data-element_type=\"widget\" data-e-type=\"widget\" data-widget_type=\"testimonial.default\">\n\t\t\t\t<div class=\"elementor-widget-container\">\n\t\t\t\t\t\t\t<div class=\"elementor-testimonial-wrapper\">\n\t\t\t\n\t\t\t\t\t\t<div class=\"elementor-testimonial-meta elementor-has-image elementor-testimonial-image-position-top\">\n\t\t\t\t<div class=\"elementor-testimonial-meta-inner\">\n\t\t\t\t\t\t\t\t\t\t\t<div class=\"elementor-testimonial-image\">\n\t\t\t\t\t\t\t<img loading=\"lazy\" decoding=\"async\" width=\"768\" height=\"1024\" src=\"https:\/\/encuentro.udgvirtual.udg.mx\/wp-content\/uploads\/2024\/11\/Mtra.-Cecilia-Gonza\u0301lez-Espejo--768x1024.jpg\" class=\"attachment-medium_large size-medium_large wp-image-899\" alt=\"\" srcset=\"https:\/\/encuentro.udgvirtual.udg.mx\/wp-content\/uploads\/2024\/11\/Mtra.-Cecilia-Gonza\u0301lez-Espejo--768x1024.jpg 768w, https:\/\/encuentro.udgvirtual.udg.mx\/wp-content\/uploads\/2024\/11\/Mtra.-Cecilia-Gonza\u0301lez-Espejo--225x300.jpg 225w, https:\/\/encuentro.udgvirtual.udg.mx\/wp-content\/uploads\/2024\/11\/Mtra.-Cecilia-Gonza\u0301lez-Espejo--1152x1536.jpg 1152w, https:\/\/encuentro.udgvirtual.udg.mx\/wp-content\/uploads\/2024\/11\/Mtra.-Cecilia-Gonza\u0301lez-Espejo--1536x2048.jpg 1536w, https:\/\/encuentro.udgvirtual.udg.mx\/wp-content\/uploads\/2024\/11\/Mtra.-Cecilia-Gonza\u0301lez-Espejo--scaled.jpg 1920w\" sizes=\"(max-width: 768px) 100vw, 768px\" \/>\t\t\t\t\t\t<\/div>\n\t\t\t\t\t\n\t\t\t\t\t\t\t\t\t\t<div class=\"elementor-testimonial-details\">\n\t\t\t\t\t\t\t\t\t\t\t\t\t\t<div class=\"elementor-testimonial-name\">Cecilia Gonzalez Espejo<\/div>\n\t\t\t\t\t\t\t\t\t\t\t\t\t\t\t\t\t\t\t<\/div>\n\t\t\t\t\t\t\t\t\t<\/div>\n\t\t\t<\/div>\n\t\t\t\t\t<\/div>\n\t\t\t\t\t\t<\/div>\n\t\t\t\t<\/div>\n\t\t\t\t<div class=\"elementor-element elementor-element-c9687cc elementor-widget__width-initial elementor-widget elementor-widget-testimonial\" data-id=\"c9687cc\" data-element_type=\"widget\" data-e-type=\"widget\" data-widget_type=\"testimonial.default\">\n\t\t\t\t<div class=\"elementor-widget-container\">\n\t\t\t\t\t\t\t<div class=\"elementor-testimonial-wrapper\">\n\t\t\t\n\t\t\t\t\t\t<div class=\"elementor-testimonial-meta elementor-has-image elementor-testimonial-image-position-top\">\n\t\t\t\t<div class=\"elementor-testimonial-meta-inner\">\n\t\t\t\t\t\t\t\t\t\t\t<div class=\"elementor-testimonial-image\">\n\t\t\t\t\t\t\t<img loading=\"lazy\" decoding=\"async\" width=\"768\" height=\"512\" src=\"https:\/\/encuentro.udgvirtual.udg.mx\/wp-content\/uploads\/2024\/11\/Mtro.-Paul-Moch-Islass-768x512.jpeg\" class=\"attachment-medium_large size-medium_large wp-image-898\" alt=\"\" srcset=\"https:\/\/encuentro.udgvirtual.udg.mx\/wp-content\/uploads\/2024\/11\/Mtro.-Paul-Moch-Islass-768x512.jpeg 768w, https:\/\/encuentro.udgvirtual.udg.mx\/wp-content\/uploads\/2024\/11\/Mtro.-Paul-Moch-Islass-300x200.jpeg 300w, https:\/\/encuentro.udgvirtual.udg.mx\/wp-content\/uploads\/2024\/11\/Mtro.-Paul-Moch-Islass-1024x683.jpeg 1024w, https:\/\/encuentro.udgvirtual.udg.mx\/wp-content\/uploads\/2024\/11\/Mtro.-Paul-Moch-Islass-1536x1024.jpeg 1536w, https:\/\/encuentro.udgvirtual.udg.mx\/wp-content\/uploads\/2024\/11\/Mtro.-Paul-Moch-Islass.jpeg 2048w\" sizes=\"(max-width: 768px) 100vw, 768px\" \/>\t\t\t\t\t\t<\/div>\n\t\t\t\t\t\n\t\t\t\t\t\t\t\t\t\t<div class=\"elementor-testimonial-details\">\n\t\t\t\t\t\t\t\t\t\t\t\t\t\t<div class=\"elementor-testimonial-name\">Paul Moch Islas<\/div>\n\t\t\t\t\t\t\t\t\t\t\t\t\t\t\t\t\t\t\t<\/div>\n\t\t\t\t\t\t\t\t\t<\/div>\n\t\t\t<\/div>\n\t\t\t\t\t<\/div>\n\t\t\t\t\t\t<\/div>\n\t\t\t\t<\/div>\n\t\t\t\t<\/div>\n\t\t\t\t<div class=\"elementor-element elementor-element-a1097aa elementor-widget elementor-widget-text-editor\" data-id=\"a1097aa\" data-element_type=\"widget\" data-e-type=\"widget\" data-widget_type=\"text-editor.default\">\n\t\t\t\t<div class=\"elementor-widget-container\">\n\t\t\t\t\t\t\t\t\t<p><strong>Descripci\u00f3n:<br><\/strong><span style=\"color: var( --e-global-color-primary ); font-family: var( --e-global-typography-text-font-family ), Sans-serif; font-weight: var( --e-global-typography-text-font-weight ); text-align: var(--text-align); font-size: 1rem;\">Introducci\u00f3n a la IA en Educaci\u00f3n: Se explorar\u00e1n ejemplos pr\u00e1cticos de c\u00f3mo la IA est\u00e1 transformando el sector educativo, desde el aprendizaje personalizado hasta la optimizaci\u00f3n administrativa.<br><\/span><span style=\"color: var( --e-global-color-primary ); font-family: var( --e-global-typography-text-font-family ), Sans-serif; font-size: 1rem; font-weight: var( --e-global-typography-text-font-weight ); text-align: var(--text-align);\">Diagn\u00f3stico Institucional: Se identificar\u00e1n retos clave que la IA puede resolver, como automatizaci\u00f3n de procesos, an\u00e1lisis predictivo y mejora en la toma de decisiones.<br><\/span><span style=\"color: var( --e-global-color-primary ); font-family: var( --e-global-typography-text-font-family ), Sans-serif; font-size: 1rem; font-weight: var( --e-global-typography-text-font-weight ); text-align: var(--text-align);\">Dise\u00f1o del Plan Estrat\u00e9gico: Los participantes desarrollar\u00e1n un plan con objetivos claros, plazos definidos y entregables espec\u00edficos, alineados con una visi\u00f3n innovadora.<br><\/span><span style=\"color: var( --e-global-color-primary ); font-family: var( --e-global-typography-text-font-family ), Sans-serif; font-size: 1rem; font-weight: var( --e-global-typography-text-font-weight ); text-align: var(--text-align);\">\u00c9tica y Gobernanza: Se abordar\u00e1n consideraciones \u00e9ticas y legales relacionadas con el uso de IA, asegurando la privacidad y la equidad en su implementaci\u00f3n.<br><\/span><span style=\"color: var( --e-global-color-primary ); font-family: var( --e-global-typography-text-font-family ), Sans-serif; font-size: 1rem; font-weight: var( --e-global-typography-text-font-weight ); text-align: var(--text-align);\">Competencias del Siglo XXI: Se discutir\u00e1n las habilidades necesarias para aprovechar al m\u00e1ximo la IA, como pensamiento cr\u00edtico, creatividad y discernimiento \u00e9tico.<br><\/span><span style=\"color: var( --e-global-color-primary ); font-family: var( --e-global-typography-text-font-family ), Sans-serif; font-size: 1rem; font-weight: var( --e-global-typography-text-font-weight ); text-align: var(--text-align);\">Resultados Esperados: Se contar\u00e1 con una hoja de ruta para la integraci\u00f3n de la IA en su instituci\u00f3n, capaz de mejorar la eficiencia operativa, personalizar la experiencia educativa y fomentar la innovaci\u00f3n.<\/span><\/p>\n<p><strong>Objetivos:<br><\/strong><span style=\"color: var( --e-global-color-primary ); font-family: var( --e-global-typography-text-font-family ), Sans-serif; font-weight: var( --e-global-typography-text-font-weight ); text-align: var(--text-align); font-size: 1rem;\">Dise\u00f1ar un plan estrat\u00e9gico para integrar la Inteligencia Artificial (IA) en diferentes \u00e1reas de una instituci\u00f3n educativa hacia 2030. La metodolog\u00eda se basa en una visi\u00f3n a corto (2025), mediano (2027) y largo plazo (2030), priorizando avances tecnol\u00f3gicos, administrativos y pedag\u00f3gicos que potencien la experiencia educativa.<\/span><\/p>\n<p><strong>Contenidos tem\u00e1ticos:<br><\/strong>El (posible) campus del futuro presente: Disrupciones en las Instituciones de Educaci\u00f3n Superior IA como una competencia del siglo XXI \u00bfC\u00f3mo se puede ver la universidad? Un recorrido por la IA Elaboraci\u00f3n de un plan estrat\u00e9gico para la universidad.<br><\/p>\n<p><strong>Requerimientos para los participantes:<br><\/strong><span style=\"color: var( --e-global-color-primary ); font-family: var( --e-global-typography-text-font-family ), Sans-serif; font-weight: var( --e-global-typography-text-font-weight ); text-align: var(--text-align); font-size: 1rem;\">Equipo de c\u00f3mputo, c<\/span><span style=\"text-align: var(--text-align);\">elular y una cuenta de ChatGPT<\/span><\/p>\t\t\t\t\t\t\t\t<\/div>\n\t\t\t\t<\/div>\n\t\t\t\t<div class=\"elementor-element elementor-element-3a7f316 elementor-widget elementor-widget-image\" data-id=\"3a7f316\" data-element_type=\"widget\" data-e-type=\"widget\" data-widget_type=\"image.default\">\n\t\t\t\t<div class=\"elementor-widget-container\">\n\t\t\t\t\t\t\t\t\t\t\t\t\t\t\t<img decoding=\"async\" width=\"800\" height=\"7\" src=\"https:\/\/encuentro.udgvirtual.udg.mx\/wp-content\/uploads\/2024\/10\/Banner_Separador_Linea-1024x9.png\" class=\"attachment-large size-large wp-image-621\" alt=\"\" srcset=\"https:\/\/encuentro.udgvirtual.udg.mx\/wp-content\/uploads\/2024\/10\/Banner_Separador_Linea-1024x9.png 1024w, https:\/\/encuentro.udgvirtual.udg.mx\/wp-content\/uploads\/2024\/10\/Banner_Separador_Linea-300x3.png 300w, https:\/\/encuentro.udgvirtual.udg.mx\/wp-content\/uploads\/2024\/10\/Banner_Separador_Linea-768x7.png 768w, https:\/\/encuentro.udgvirtual.udg.mx\/wp-content\/uploads\/2024\/10\/Banner_Separador_Linea-1536x14.png 1536w, https:\/\/encuentro.udgvirtual.udg.mx\/wp-content\/uploads\/2024\/10\/Banner_Separador_Linea-2048x18.png 2048w\" sizes=\"(max-width: 800px) 100vw, 800px\" \/>\t\t\t\t\t\t\t\t\t\t\t\t\t\t\t<\/div>\n\t\t\t\t<\/div>\n\t\t\t\t\t<\/div>\n\t\t\t\t<\/div>\n\t\t<div class=\"elementor-element elementor-element-1950143 e-flex e-con-boxed e-con e-parent\" data-id=\"1950143\" data-element_type=\"container\" data-e-type=\"container\">\n\t\t\t\t\t<div class=\"e-con-inner\">\n\t\t\t\t<div class=\"elementor-element elementor-element-052c8c8 elementor-widget elementor-widget-heading\" data-id=\"052c8c8\" data-element_type=\"widget\" data-e-type=\"widget\" data-widget_type=\"heading.default\">\n\t\t\t\t<div class=\"elementor-widget-container\">\n\t\t\t\t\t<h2 class=\"elementor-heading-title elementor-size-default\">Gamificaci\u00f3n y D&amp;D para Ense\u00f1ar Inteligencia Artificial Creativa<\/h2>\t\t\t\t<\/div>\n\t\t\t\t<\/div>\n\t\t\t\t<div class=\"elementor-element elementor-element-da98d58 elementor-widget elementor-widget-heading\" data-id=\"da98d58\" data-element_type=\"widget\" data-e-type=\"widget\" data-widget_type=\"heading.default\">\n\t\t\t\t<div class=\"elementor-widget-container\">\n\t\t\t\t\t<h4 class=\"elementor-heading-title elementor-size-default\">Modalidad: Virtual<\/h4>\t\t\t\t<\/div>\n\t\t\t\t<\/div>\n\t\t<div class=\"elementor-element elementor-element-76a6cf5 e-grid e-con-full e-con e-child\" data-id=\"76a6cf5\" data-element_type=\"container\" data-e-type=\"container\">\n\t\t\t\t<div class=\"elementor-element elementor-element-c115d8d elementor-widget__width-initial elementor-widget elementor-widget-testimonial\" data-id=\"c115d8d\" data-element_type=\"widget\" data-e-type=\"widget\" data-widget_type=\"testimonial.default\">\n\t\t\t\t<div class=\"elementor-widget-container\">\n\t\t\t\t\t\t\t<div class=\"elementor-testimonial-wrapper\">\n\t\t\t\n\t\t\t\t\t\t<div class=\"elementor-testimonial-meta elementor-has-image elementor-testimonial-image-position-top\">\n\t\t\t\t<div class=\"elementor-testimonial-meta-inner\">\n\t\t\t\t\t\t\t\t\t\t\t<div class=\"elementor-testimonial-image\">\n\t\t\t\t\t\t\t<img loading=\"lazy\" decoding=\"async\" width=\"591\" height=\"789\" src=\"https:\/\/encuentro.udgvirtual.udg.mx\/wp-content\/uploads\/2024\/11\/Dr.-Juan-Manuel-Alvarez-Becerra1.jpg\" class=\"attachment-medium_large size-medium_large wp-image-832\" alt=\"\" srcset=\"https:\/\/encuentro.udgvirtual.udg.mx\/wp-content\/uploads\/2024\/11\/Dr.-Juan-Manuel-Alvarez-Becerra1.jpg 591w, https:\/\/encuentro.udgvirtual.udg.mx\/wp-content\/uploads\/2024\/11\/Dr.-Juan-Manuel-Alvarez-Becerra1-225x300.jpg 225w\" sizes=\"(max-width: 591px) 100vw, 591px\" \/>\t\t\t\t\t\t<\/div>\n\t\t\t\t\t\n\t\t\t\t\t\t\t\t\t\t<div class=\"elementor-testimonial-details\">\n\t\t\t\t\t\t\t\t\t\t\t\t\t\t<div class=\"elementor-testimonial-name\">Juan Manuel \u00c1lvarez Becerra<\/div>\n\t\t\t\t\t\t\t\t\t\t\t\t\t\t\t\t\t\t\t<\/div>\n\t\t\t\t\t\t\t\t\t<\/div>\n\t\t\t<\/div>\n\t\t\t\t\t<\/div>\n\t\t\t\t\t\t<\/div>\n\t\t\t\t<\/div>\n\t\t\t\t<\/div>\n\t\t\t\t<div class=\"elementor-element elementor-element-e369c2a elementor-widget elementor-widget-text-editor\" data-id=\"e369c2a\" data-element_type=\"widget\" data-e-type=\"widget\" data-widget_type=\"text-editor.default\">\n\t\t\t\t<div class=\"elementor-widget-container\">\n\t\t\t\t\t\t\t\t\t<p><strong>Descripci\u00f3n:<br \/><\/strong><span style=\"color: var( --e-global-color-primary ); font-family: var( --e-global-typography-text-font-family ), Sans-serif; font-weight: var( --e-global-typography-text-font-weight ); text-align: var(--text-align); font-size: 1rem;\">Integrar t\u00e9cnicas de gamificaci\u00f3n y elementos narrativos de &#8220;Dungeons &amp; Dragons&#8221; (D&amp;D) para ense\u00f1ar conceptos b\u00e1sicos de inteligencia artificial (IA). Los participantes aprender\u00e1n a desarrollar soluciones de gamificaci\u00f3n creativas aplicables a entornos virtuales, incentivando la participaci\u00f3n, la motivaci\u00f3n y la retenci\u00f3n de los alumnos.<br \/><\/span><span style=\"color: var( --e-global-color-primary ); font-family: var( --e-global-typography-text-font-family ), Sans-serif; font-weight: var( --e-global-typography-text-font-weight ); text-align: var(--text-align); font-size: 1rem;\">Este taller proporcionar\u00e1 a los asistentes una experiencia pr\u00e1ctica en la integraci\u00f3n de conceptos de IA con t\u00e9cnicas de gamificaci\u00f3n inspiradas en narrativas de D&amp;D, fomentando el aprendizaje creativo y la participaci\u00f3n activa en entornos virtuales.<\/span><\/p><p><strong>Objetivos:<br \/><\/strong><span style=\"color: var( --e-global-color-primary ); font-family: var( --e-global-typography-text-font-family ), Sans-serif; font-weight: var( --e-global-typography-text-font-weight ); text-align: var(--text-align); font-size: 1rem;\">&#8211; Comprender los fundamentos de IA, c\u00f3mo se utilizan y c\u00f3mo ense\u00f1ar conceptos clave.<br \/><\/span><span style=\"color: var( --e-global-color-primary ); font-family: var( --e-global-typography-text-font-family ), Sans-serif; font-weight: var( --e-global-typography-text-font-weight ); text-align: var(--text-align); font-size: 1rem;\">&#8211; Conocer c\u00f3mo aplicar principios de gamificaci\u00f3n a entornos de aprendizaje, en especial a trav\u00e9s del rol y la narrativa de &#8220;Dungeons &amp; Dragons&#8221;.<br \/><\/span><span style=\"color: var( --e-global-color-primary ); font-family: var( --e-global-typography-text-font-family ), Sans-serif; font-weight: var( --e-global-typography-text-font-weight ); text-align: var(--text-align); font-size: 1rem;\">&#8211; Dise\u00f1ar una actividad gamificada virtual que integre IA y gamificaci\u00f3n en su dise\u00f1o pedag\u00f3gico<\/span><\/p><p><strong>Contenidos tem\u00e1ticos:<br \/><\/strong><span style=\"color: var( --e-global-color-primary ); font-family: var( --e-global-typography-text-font-family ), Sans-serif; font-weight: var( --e-global-typography-text-font-weight ); text-align: var(--text-align); font-size: 1rem;\">I.\u00a0 \u00a0Introducci\u00f3n.<br \/><\/span><span style=\"color: var( --e-global-color-primary ); font-family: var( --e-global-typography-text-font-family ), Sans-serif; font-weight: var( --e-global-typography-text-font-weight ); text-align: var(--text-align); font-size: 1rem;\">II.\u00a0 Conceptos B\u00e1sicos de Inteligencia Artificial.<br \/><\/span><span style=\"color: var( --e-global-color-primary ); font-family: var( --e-global-typography-text-font-family ), Sans-serif; font-weight: var( --e-global-typography-text-font-weight ); text-align: var(--text-align); font-size: 1rem;\">II.\u00a0 Principios de Gamificaci\u00f3n y narrativa de D&amp;D<br \/><\/span><span style=\"color: var( --e-global-color-primary ); font-family: var( --e-global-typography-text-font-family ), Sans-serif; font-weight: var( --e-global-typography-text-font-weight ); text-align: var(--text-align); font-size: 1rem;\">IV. Dise\u00f1o de una Actividad Gamificada en IA.<br \/><\/span><span style=\"color: var( --e-global-color-primary ); font-family: var( --e-global-typography-text-font-family ), Sans-serif; font-weight: var( --e-global-typography-text-font-weight ); text-align: var(--text-align); font-size: 1rem;\">V.\u00a0 Cierre y Evaluaci\u00f3n<\/span><\/p><p><strong>Requerimientos para los participantes:<br \/><\/strong><span style=\"color: var( --e-global-color-primary ); font-family: var( --e-global-typography-text-font-family ), Sans-serif; font-weight: var( --e-global-typography-text-font-weight ); text-align: var(--text-align); font-size: 1rem;\">Equipo de c\u00f3mputo con c\u00e1mara web y conexi\u00f3n a internet.<br \/><\/span><span style=\"color: var( --e-global-color-primary ); font-family: var( --e-global-typography-text-font-family ), Sans-serif; font-size: 1rem; font-weight: var( --e-global-typography-text-font-weight ); text-align: var(--text-align);\">Conocimientos b\u00e1sicos de herramientas Google y c\u00f3mputo en general.<\/span><\/p>\t\t\t\t\t\t\t\t<\/div>\n\t\t\t\t<\/div>\n\t\t\t\t<div class=\"elementor-element elementor-element-724ef4a elementor-widget elementor-widget-image\" data-id=\"724ef4a\" data-element_type=\"widget\" data-e-type=\"widget\" data-widget_type=\"image.default\">\n\t\t\t\t<div class=\"elementor-widget-container\">\n\t\t\t\t\t\t\t\t\t\t\t\t\t\t\t<img decoding=\"async\" width=\"800\" height=\"7\" src=\"https:\/\/encuentro.udgvirtual.udg.mx\/wp-content\/uploads\/2024\/10\/Banner_Separador_Linea-1024x9.png\" class=\"attachment-large size-large wp-image-621\" alt=\"\" srcset=\"https:\/\/encuentro.udgvirtual.udg.mx\/wp-content\/uploads\/2024\/10\/Banner_Separador_Linea-1024x9.png 1024w, https:\/\/encuentro.udgvirtual.udg.mx\/wp-content\/uploads\/2024\/10\/Banner_Separador_Linea-300x3.png 300w, https:\/\/encuentro.udgvirtual.udg.mx\/wp-content\/uploads\/2024\/10\/Banner_Separador_Linea-768x7.png 768w, https:\/\/encuentro.udgvirtual.udg.mx\/wp-content\/uploads\/2024\/10\/Banner_Separador_Linea-1536x14.png 1536w, https:\/\/encuentro.udgvirtual.udg.mx\/wp-content\/uploads\/2024\/10\/Banner_Separador_Linea-2048x18.png 2048w\" sizes=\"(max-width: 800px) 100vw, 800px\" \/>\t\t\t\t\t\t\t\t\t\t\t\t\t\t\t<\/div>\n\t\t\t\t<\/div>\n\t\t\t\t\t<\/div>\n\t\t\t\t<\/div>\n\t\t<div class=\"elementor-element elementor-element-2fd2cb8 e-flex e-con-boxed e-con e-parent\" data-id=\"2fd2cb8\" data-element_type=\"container\" data-e-type=\"container\">\n\t\t\t\t\t<div class=\"e-con-inner\">\n\t\t\t\t<div class=\"elementor-element elementor-element-b41ba48 elementor-widget elementor-widget-heading\" data-id=\"b41ba48\" data-element_type=\"widget\" data-e-type=\"widget\" id=\"T2\" data-widget_type=\"heading.default\">\n\t\t\t\t<div class=\"elementor-widget-container\">\n\t\t\t\t\t<h2 class=\"elementor-heading-title elementor-size-default\">Inclusi\u00f3n digital a trav\u00e9s de la IA: Herramientas multimedia<\/h2>\t\t\t\t<\/div>\n\t\t\t\t<\/div>\n\t\t\t\t<div class=\"elementor-element elementor-element-f0ea7b1 elementor-widget elementor-widget-heading\" data-id=\"f0ea7b1\" data-element_type=\"widget\" data-e-type=\"widget\" data-widget_type=\"heading.default\">\n\t\t\t\t<div class=\"elementor-widget-container\">\n\t\t\t\t\t<h4 class=\"elementor-heading-title elementor-size-default\">Modalidad: presencial<\/h4>\t\t\t\t<\/div>\n\t\t\t\t<\/div>\n\t\t<div class=\"elementor-element elementor-element-616857f e-grid e-con-full e-con e-child\" data-id=\"616857f\" data-element_type=\"container\" data-e-type=\"container\">\n\t\t\t\t<div class=\"elementor-element elementor-element-a0291ee elementor-widget__width-initial elementor-widget elementor-widget-testimonial\" data-id=\"a0291ee\" data-element_type=\"widget\" data-e-type=\"widget\" data-widget_type=\"testimonial.default\">\n\t\t\t\t<div class=\"elementor-widget-container\">\n\t\t\t\t\t\t\t<div class=\"elementor-testimonial-wrapper\">\n\t\t\t\n\t\t\t\t\t\t<div class=\"elementor-testimonial-meta elementor-has-image elementor-testimonial-image-position-top\">\n\t\t\t\t<div class=\"elementor-testimonial-meta-inner\">\n\t\t\t\t\t\t\t\t\t\t\t<div class=\"elementor-testimonial-image\">\n\t\t\t\t\t\t\t<img loading=\"lazy\" decoding=\"async\" width=\"610\" height=\"610\" src=\"https:\/\/encuentro.udgvirtual.udg.mx\/wp-content\/uploads\/2024\/10\/Mtra.-Ximena-Montserrat-Za\u0301rate-Herna\u0301ndez.jpeg\" class=\"attachment-medium_large size-medium_large wp-image-640\" alt=\"\" srcset=\"https:\/\/encuentro.udgvirtual.udg.mx\/wp-content\/uploads\/2024\/10\/Mtra.-Ximena-Montserrat-Za\u0301rate-Herna\u0301ndez.jpeg 610w, https:\/\/encuentro.udgvirtual.udg.mx\/wp-content\/uploads\/2024\/10\/Mtra.-Ximena-Montserrat-Za\u0301rate-Herna\u0301ndez-300x300.jpeg 300w, https:\/\/encuentro.udgvirtual.udg.mx\/wp-content\/uploads\/2024\/10\/Mtra.-Ximena-Montserrat-Za\u0301rate-Herna\u0301ndez-150x150.jpeg 150w\" sizes=\"(max-width: 610px) 100vw, 610px\" \/>\t\t\t\t\t\t<\/div>\n\t\t\t\t\t\n\t\t\t\t\t\t\t\t\t\t<div class=\"elementor-testimonial-details\">\n\t\t\t\t\t\t\t\t\t\t\t\t\t\t<div class=\"elementor-testimonial-name\">Ximena Montserrat Z\u00e1rate Hern\u00e1ndez<\/div>\n\t\t\t\t\t\t\t\t\t\t\t\t\t\t\t\t\t\t\t<\/div>\n\t\t\t\t\t\t\t\t\t<\/div>\n\t\t\t<\/div>\n\t\t\t\t\t<\/div>\n\t\t\t\t\t\t<\/div>\n\t\t\t\t<\/div>\n\t\t\t\t<\/div>\n\t\t\t\t<div class=\"elementor-element elementor-element-0fe7ef4 elementor-widget elementor-widget-text-editor\" data-id=\"0fe7ef4\" data-element_type=\"widget\" data-e-type=\"widget\" data-widget_type=\"text-editor.default\">\n\t\t\t\t<div class=\"elementor-widget-container\">\n\t\t\t\t\t\t\t\t\t<p><strong>Descripci\u00f3n: <\/strong><br \/>Este taller innovador est\u00e1 dise\u00f1ado para explorar el potencial transformador de la inteligencia artificial en la creaci\u00f3n de contenidos multimedia, con un enfoque en la inclusi\u00f3n y la accesibilidad. A trav\u00e9s de sesiones pr\u00e1cticas, los participantes aprender\u00e1n a utilizar herramientas de IA para crear contenido multimedia que no solo sean creativos, sino tambi\u00e9n inclusivos y representativos de diversas comunidades y experiencias.<br \/>Dirigido tanto a educadores como a cualquier persona interesada en el impacto social de la tecnolog\u00eda, el taller ofrecer\u00e1 una introducci\u00f3n a las t\u00e9cnicas b\u00e1sicas de inteligencia artificial, seguido de m\u00f3dulos especializados en cada tipo de contenido multimedia. Los asistentes realizar\u00e1n recursos accesibles y mejores pr\u00e1cticas para dise\u00f1ar proyectos que reflejen y respeten la diversidad cultural y personal, lo que permitir\u00e1 la obtenci\u00f3n de las habilidades necesarias para implementar estas herramientas en sus propios proyectos y contribuir a un ecosistema digital m\u00e1s equitativo.<\/p><p><strong>Objetivos: <\/strong><br \/>Explorar el uso de herramientas de inteligencia artificial para la creaci\u00f3n de contenidos multimedia inclusivos y accesibles, promoviendo el desarrollo de habilidades para dise\u00f1ar cursos, experiencias educativas y proyectos que reflejen la diversidad cultural y respeten las distintas experiencias personales, con el fin de contribuir a un entorno digital m\u00e1s equitativo y representativo.<\/p><p><strong>Contenidos tem\u00e1ticos:<\/strong><br \/>1. Introducci\u00f3n<br \/>\u00a0 \u00a0-Definici\u00f3n de inteligencia artificial (IA)<br \/>\u00a0 \u00a0-Principios para dise\u00f1ar contenidos que respeten la diversidad cultural y personal.<br \/>\u00a0 \u00a0-Panorama actual de la IA en la creaci\u00f3n de contenidos.<br \/>\u00a0 \u00a0-Contexto y relevancia de la accesibilidad e inclusi\u00f3n en los entornos digitales.<br \/>2. Herramientas de IA para la creaci\u00f3n de contenidos accesibles e inclusivos<br \/>\u00a0 \u00a0-Imagen<br \/>\u00a0 \u00a0-Video<br \/>\u00a0 \u00a0-Audio<br \/>3. Creaci\u00f3n de contenidos accesibles e inclusivos<br \/>\u00a0 \u00a0-Desarrollo de un peque\u00f1o proyecto pr\u00e1ctico integrando los elementos trabajados.<br \/>4. Cierre<br \/>\u00a0 \u00a0-Presentaci\u00f3n y retroalimentaci\u00f3n del contenido creado por los participantes.<\/p><p><strong>Requerimientos para los participantes:<\/strong><br \/>Equipo de c\u00f3mputo port\u00e1til, internet.<\/p>\t\t\t\t\t\t\t\t<\/div>\n\t\t\t\t<\/div>\n\t\t\t\t<div class=\"elementor-element elementor-element-5dbbb93 elementor-widget elementor-widget-image\" data-id=\"5dbbb93\" data-element_type=\"widget\" data-e-type=\"widget\" data-widget_type=\"image.default\">\n\t\t\t\t<div class=\"elementor-widget-container\">\n\t\t\t\t\t\t\t\t\t\t\t\t\t\t\t<img decoding=\"async\" width=\"800\" height=\"7\" src=\"https:\/\/encuentro.udgvirtual.udg.mx\/wp-content\/uploads\/2024\/10\/Banner_Separador_Linea-1024x9.png\" class=\"attachment-large size-large wp-image-621\" alt=\"\" srcset=\"https:\/\/encuentro.udgvirtual.udg.mx\/wp-content\/uploads\/2024\/10\/Banner_Separador_Linea-1024x9.png 1024w, https:\/\/encuentro.udgvirtual.udg.mx\/wp-content\/uploads\/2024\/10\/Banner_Separador_Linea-300x3.png 300w, https:\/\/encuentro.udgvirtual.udg.mx\/wp-content\/uploads\/2024\/10\/Banner_Separador_Linea-768x7.png 768w, https:\/\/encuentro.udgvirtual.udg.mx\/wp-content\/uploads\/2024\/10\/Banner_Separador_Linea-1536x14.png 1536w, https:\/\/encuentro.udgvirtual.udg.mx\/wp-content\/uploads\/2024\/10\/Banner_Separador_Linea-2048x18.png 2048w\" sizes=\"(max-width: 800px) 100vw, 800px\" \/>\t\t\t\t\t\t\t\t\t\t\t\t\t\t\t<\/div>\n\t\t\t\t<\/div>\n\t\t\t\t\t<\/div>\n\t\t\t\t<\/div>\n\t\t<div class=\"elementor-element elementor-element-01737fc e-flex e-con-boxed e-con e-parent\" data-id=\"01737fc\" data-element_type=\"container\" data-e-type=\"container\">\n\t\t\t\t\t<div class=\"e-con-inner\">\n\t\t\t\t<div class=\"elementor-element elementor-element-231e07b elementor-widget elementor-widget-heading\" data-id=\"231e07b\" data-element_type=\"widget\" data-e-type=\"widget\" id=\"T3\" data-widget_type=\"heading.default\">\n\t\t\t\t<div class=\"elementor-widget-container\">\n\t\t\t\t\t<h2 class=\"elementor-heading-title elementor-size-default\">Inteligencia Artificial Generativa para dise\u00f1ar experiencias de aprendizaje<\/h2>\t\t\t\t<\/div>\n\t\t\t\t<\/div>\n\t\t\t\t<div class=\"elementor-element elementor-element-31030f7 elementor-widget elementor-widget-heading\" data-id=\"31030f7\" data-element_type=\"widget\" data-e-type=\"widget\" data-widget_type=\"heading.default\">\n\t\t\t\t<div class=\"elementor-widget-container\">\n\t\t\t\t\t<h4 class=\"elementor-heading-title elementor-size-default\">Modalidad: presencial<\/h4>\t\t\t\t<\/div>\n\t\t\t\t<\/div>\n\t\t<div class=\"elementor-element elementor-element-0fa9e85 e-grid e-con-full e-con e-child\" data-id=\"0fa9e85\" data-element_type=\"container\" data-e-type=\"container\">\n\t\t\t\t<div class=\"elementor-element elementor-element-e13d159 elementor-widget__width-initial elementor-widget elementor-widget-testimonial\" data-id=\"e13d159\" data-element_type=\"widget\" data-e-type=\"widget\" data-widget_type=\"testimonial.default\">\n\t\t\t\t<div class=\"elementor-widget-container\">\n\t\t\t\t\t\t\t<div class=\"elementor-testimonial-wrapper\">\n\t\t\t\n\t\t\t\t\t\t<div class=\"elementor-testimonial-meta elementor-has-image elementor-testimonial-image-position-top\">\n\t\t\t\t<div class=\"elementor-testimonial-meta-inner\">\n\t\t\t\t\t\t\t\t\t\t\t<div class=\"elementor-testimonial-image\">\n\t\t\t\t\t\t\t<img loading=\"lazy\" decoding=\"async\" width=\"768\" height=\"768\" src=\"https:\/\/encuentro.udgvirtual.udg.mx\/wp-content\/uploads\/2024\/10\/Mtro.-Jose\u0301-Antonio-Delgado-Valdivia-768x768.jpg\" class=\"attachment-medium_large size-medium_large wp-image-634\" alt=\"\" srcset=\"https:\/\/encuentro.udgvirtual.udg.mx\/wp-content\/uploads\/2024\/10\/Mtro.-Jose\u0301-Antonio-Delgado-Valdivia-768x768.jpg 768w, https:\/\/encuentro.udgvirtual.udg.mx\/wp-content\/uploads\/2024\/10\/Mtro.-Jose\u0301-Antonio-Delgado-Valdivia-300x300.jpg 300w, https:\/\/encuentro.udgvirtual.udg.mx\/wp-content\/uploads\/2024\/10\/Mtro.-Jose\u0301-Antonio-Delgado-Valdivia-1024x1024.jpg 1024w, https:\/\/encuentro.udgvirtual.udg.mx\/wp-content\/uploads\/2024\/10\/Mtro.-Jose\u0301-Antonio-Delgado-Valdivia-150x150.jpg 150w, https:\/\/encuentro.udgvirtual.udg.mx\/wp-content\/uploads\/2024\/10\/Mtro.-Jose\u0301-Antonio-Delgado-Valdivia.jpg 1344w\" sizes=\"(max-width: 768px) 100vw, 768px\" \/>\t\t\t\t\t\t<\/div>\n\t\t\t\t\t\n\t\t\t\t\t\t\t\t\t\t<div class=\"elementor-testimonial-details\">\n\t\t\t\t\t\t\t\t\t\t\t\t\t\t<div class=\"elementor-testimonial-name\">Jos\u00e9 Antonio Delgado Valdivia<\/div>\n\t\t\t\t\t\t\t\t\t\t\t\t\t\t\t\t\t\t\t<\/div>\n\t\t\t\t\t\t\t\t\t<\/div>\n\t\t\t<\/div>\n\t\t\t\t\t<\/div>\n\t\t\t\t\t\t<\/div>\n\t\t\t\t<\/div>\n\t\t\t\t<div class=\"elementor-element elementor-element-237ba99 elementor-widget__width-initial elementor-widget elementor-widget-testimonial\" data-id=\"237ba99\" data-element_type=\"widget\" data-e-type=\"widget\" data-widget_type=\"testimonial.default\">\n\t\t\t\t<div class=\"elementor-widget-container\">\n\t\t\t\t\t\t\t<div class=\"elementor-testimonial-wrapper\">\n\t\t\t\n\t\t\t\t\t\t<div class=\"elementor-testimonial-meta elementor-has-image elementor-testimonial-image-position-top\">\n\t\t\t\t<div class=\"elementor-testimonial-meta-inner\">\n\t\t\t\t\t\t\t\t\t\t\t<div class=\"elementor-testimonial-image\">\n\t\t\t\t\t\t\t<img loading=\"lazy\" decoding=\"async\" width=\"768\" height=\"584\" src=\"https:\/\/encuentro.udgvirtual.udg.mx\/wp-content\/uploads\/2024\/10\/Dr.-Juan-Jose\u0301-Garci\u0301a-Llamas-768x584.jpg\" class=\"attachment-medium_large size-medium_large wp-image-633\" alt=\"\" srcset=\"https:\/\/encuentro.udgvirtual.udg.mx\/wp-content\/uploads\/2024\/10\/Dr.-Juan-Jose\u0301-Garci\u0301a-Llamas-768x584.jpg 768w, https:\/\/encuentro.udgvirtual.udg.mx\/wp-content\/uploads\/2024\/10\/Dr.-Juan-Jose\u0301-Garci\u0301a-Llamas-300x228.jpg 300w, https:\/\/encuentro.udgvirtual.udg.mx\/wp-content\/uploads\/2024\/10\/Dr.-Juan-Jose\u0301-Garci\u0301a-Llamas-1024x779.jpg 1024w, https:\/\/encuentro.udgvirtual.udg.mx\/wp-content\/uploads\/2024\/10\/Dr.-Juan-Jose\u0301-Garci\u0301a-Llamas.jpg 1353w\" sizes=\"(max-width: 768px) 100vw, 768px\" \/>\t\t\t\t\t\t<\/div>\n\t\t\t\t\t\n\t\t\t\t\t\t\t\t\t\t<div class=\"elementor-testimonial-details\">\n\t\t\t\t\t\t\t\t\t\t\t\t\t\t<div class=\"elementor-testimonial-name\">Juan Jos\u00e9 Garc\u00eda Llamas<\/div>\n\t\t\t\t\t\t\t\t\t\t\t\t\t\t\t\t\t\t\t<\/div>\n\t\t\t\t\t\t\t\t\t<\/div>\n\t\t\t<\/div>\n\t\t\t\t\t<\/div>\n\t\t\t\t\t\t<\/div>\n\t\t\t\t<\/div>\n\t\t\t\t<\/div>\n\t\t\t\t<div class=\"elementor-element elementor-element-05d7680 elementor-widget elementor-widget-text-editor\" data-id=\"05d7680\" data-element_type=\"widget\" data-e-type=\"widget\" data-widget_type=\"text-editor.default\">\n\t\t\t\t<div class=\"elementor-widget-container\">\n\t\t\t\t\t\t\t\t\t<p><strong>Descripci\u00f3n: <\/strong><br \/>El taller &#8220;Inteligencia Artificial Generativa para dise\u00f1ar experiencias de aprendizaje&#8221; es una sesi\u00f3n pr\u00e1ctica de 3 horas que ense\u00f1a a los participantes a utilizar tecnolog\u00edas de inteligencia artificial para crear recursos educativos. Se abordar\u00e1n las tecnolog\u00edas GPT y GAN, mostrando c\u00f3mo generar contenidos como texto, audio, video e im\u00e1genes mediante prompts bien dise\u00f1ados.<br \/>Los participantes aprender\u00e1n a personalizar y adaptar estos recursos a las necesidades de los estudiantes, creando experiencias educativas m\u00e1s din\u00e1micas y relevantes. A trav\u00e9s de herramientas especializadas, se guiar\u00e1 a los asistentes en la creaci\u00f3n de una experiencia de aprendizaje completa, como producto final del taller.<\/p><p><strong>Objetivos: <\/strong><br \/>El objetivo principal es que los participantes comprendan c\u00f3mo aplicar la inteligencia artificial generativa en el contexto educativo, desarrollando recursos que mejoren la ense\u00f1anza, adaptados a los diferentes estilos de aprendizaje.<\/p><p><strong>Contenidos tem\u00e1ticos:<\/strong><br \/>Si la IAG es la respuesta \u00bfCu\u00e1l es la pregunta? Conceptualizando la experiencia de aprendizaje de la idea al prompt, proceso iterativo Concatenaci\u00f3n de procesos Estructuraci\u00f3n de Experiencias<\/p><p><strong>Requerimientos para los participantes:<\/strong><br \/>Equipo de c\u00f3mputo port\u00e1til, manejo b\u00e1sico de herramientas y plataformas digitales, uso b\u00e1sico de sistemas de inteligencia artificial generativa.<\/p>\t\t\t\t\t\t\t\t<\/div>\n\t\t\t\t<\/div>\n\t\t\t\t<div class=\"elementor-element elementor-element-463a3a2 elementor-widget elementor-widget-image\" data-id=\"463a3a2\" data-element_type=\"widget\" data-e-type=\"widget\" data-widget_type=\"image.default\">\n\t\t\t\t<div class=\"elementor-widget-container\">\n\t\t\t\t\t\t\t\t\t\t\t\t\t\t\t<img decoding=\"async\" width=\"800\" height=\"7\" src=\"https:\/\/encuentro.udgvirtual.udg.mx\/wp-content\/uploads\/2024\/10\/Banner_Separador_Linea-1024x9.png\" class=\"attachment-large size-large wp-image-621\" alt=\"\" srcset=\"https:\/\/encuentro.udgvirtual.udg.mx\/wp-content\/uploads\/2024\/10\/Banner_Separador_Linea-1024x9.png 1024w, https:\/\/encuentro.udgvirtual.udg.mx\/wp-content\/uploads\/2024\/10\/Banner_Separador_Linea-300x3.png 300w, https:\/\/encuentro.udgvirtual.udg.mx\/wp-content\/uploads\/2024\/10\/Banner_Separador_Linea-768x7.png 768w, https:\/\/encuentro.udgvirtual.udg.mx\/wp-content\/uploads\/2024\/10\/Banner_Separador_Linea-1536x14.png 1536w, https:\/\/encuentro.udgvirtual.udg.mx\/wp-content\/uploads\/2024\/10\/Banner_Separador_Linea-2048x18.png 2048w\" sizes=\"(max-width: 800px) 100vw, 800px\" \/>\t\t\t\t\t\t\t\t\t\t\t\t\t\t\t<\/div>\n\t\t\t\t<\/div>\n\t\t\t\t\t<\/div>\n\t\t\t\t<\/div>\n\t\t<div class=\"elementor-element elementor-element-633f1c9 e-flex e-con-boxed e-con e-parent\" data-id=\"633f1c9\" data-element_type=\"container\" data-e-type=\"container\">\n\t\t\t\t\t<div class=\"e-con-inner\">\n\t\t\t\t<div class=\"elementor-element elementor-element-52ab5ef elementor-widget elementor-widget-heading\" data-id=\"52ab5ef\" data-element_type=\"widget\" data-e-type=\"widget\" id=\"T7\" data-widget_type=\"heading.default\">\n\t\t\t\t<div class=\"elementor-widget-container\">\n\t\t\t\t\t<h2 class=\"elementor-heading-title elementor-size-default\">Megatendencias y transformaci\u00f3n digital IES<\/h2>\t\t\t\t<\/div>\n\t\t\t\t<\/div>\n\t\t\t\t<div class=\"elementor-element elementor-element-4c7c08b elementor-widget elementor-widget-heading\" data-id=\"4c7c08b\" data-element_type=\"widget\" data-e-type=\"widget\" data-widget_type=\"heading.default\">\n\t\t\t\t<div class=\"elementor-widget-container\">\n\t\t\t\t\t<h4 class=\"elementor-heading-title elementor-size-default\">Modalidad: presencial<\/h4>\t\t\t\t<\/div>\n\t\t\t\t<\/div>\n\t\t<div class=\"elementor-element elementor-element-ec5a17b e-grid e-con-full e-con e-child\" data-id=\"ec5a17b\" data-element_type=\"container\" data-e-type=\"container\">\n\t\t\t\t<div class=\"elementor-element elementor-element-56966dd elementor-widget__width-initial elementor-widget elementor-widget-testimonial\" data-id=\"56966dd\" data-element_type=\"widget\" data-e-type=\"widget\" data-widget_type=\"testimonial.default\">\n\t\t\t\t<div class=\"elementor-widget-container\">\n\t\t\t\t\t\t\t<div class=\"elementor-testimonial-wrapper\">\n\t\t\t\n\t\t\t\t\t\t<div class=\"elementor-testimonial-meta elementor-has-image elementor-testimonial-image-position-top\">\n\t\t\t\t<div class=\"elementor-testimonial-meta-inner\">\n\t\t\t\t\t\t\t\t\t\t\t<div class=\"elementor-testimonial-image\">\n\t\t\t\t\t\t\t<img loading=\"lazy\" decoding=\"async\" width=\"300\" height=\"300\" src=\"https:\/\/encuentro.udgvirtual.udg.mx\/wp-content\/uploads\/2024\/10\/Ma-chan.jpg\" class=\"attachment-medium_large size-medium_large wp-image-561\" alt=\"\" srcset=\"https:\/\/encuentro.udgvirtual.udg.mx\/wp-content\/uploads\/2024\/10\/Ma-chan.jpg 300w, https:\/\/encuentro.udgvirtual.udg.mx\/wp-content\/uploads\/2024\/10\/Ma-chan-150x150.jpg 150w\" sizes=\"(max-width: 300px) 100vw, 300px\" \/>\t\t\t\t\t\t<\/div>\n\t\t\t\t\t\n\t\t\t\t\t\t\t\t\t\t<div class=\"elementor-testimonial-details\">\n\t\t\t\t\t\t\t\t\t\t\t\t\t\t<div class=\"elementor-testimonial-name\">Mar\u00eda Elena Chan N\u00fa\u00f1ez<\/div>\n\t\t\t\t\t\t\t\t\t\t\t\t\t\t\t\t\t\t\t<\/div>\n\t\t\t\t\t\t\t\t\t<\/div>\n\t\t\t<\/div>\n\t\t\t\t\t<\/div>\n\t\t\t\t\t\t<\/div>\n\t\t\t\t<\/div>\n\t\t\t\t<div class=\"elementor-element elementor-element-9c715a4 elementor-widget__width-initial elementor-widget elementor-widget-testimonial\" data-id=\"9c715a4\" data-element_type=\"widget\" data-e-type=\"widget\" data-widget_type=\"testimonial.default\">\n\t\t\t\t<div class=\"elementor-widget-container\">\n\t\t\t\t\t\t\t<div class=\"elementor-testimonial-wrapper\">\n\t\t\t\n\t\t\t\t\t\t<div class=\"elementor-testimonial-meta elementor-has-image elementor-testimonial-image-position-top\">\n\t\t\t\t<div class=\"elementor-testimonial-meta-inner\">\n\t\t\t\t\t\t\t\t\t\t\t<div class=\"elementor-testimonial-image\">\n\t\t\t\t\t\t\t<img loading=\"lazy\" decoding=\"async\" width=\"400\" height=\"538\" src=\"https:\/\/encuentro.udgvirtual.udg.mx\/wp-content\/uploads\/2024\/11\/Patricia-Avila.jpg\" class=\"attachment-medium_large size-medium_large wp-image-689\" alt=\"\" srcset=\"https:\/\/encuentro.udgvirtual.udg.mx\/wp-content\/uploads\/2024\/11\/Patricia-Avila.jpg 400w, https:\/\/encuentro.udgvirtual.udg.mx\/wp-content\/uploads\/2024\/11\/Patricia-Avila-223x300.jpg 223w\" sizes=\"(max-width: 400px) 100vw, 400px\" \/>\t\t\t\t\t\t<\/div>\n\t\t\t\t\t\n\t\t\t\t\t\t\t\t\t\t<div class=\"elementor-testimonial-details\">\n\t\t\t\t\t\t\t\t\t\t\t\t\t\t<div class=\"elementor-testimonial-name\">Patricia \u00c1vila Mu\u00f1oz<\/div>\n\t\t\t\t\t\t\t\t\t\t\t\t\t\t\t\t\t\t\t<\/div>\n\t\t\t\t\t\t\t\t\t<\/div>\n\t\t\t<\/div>\n\t\t\t\t\t<\/div>\n\t\t\t\t\t\t<\/div>\n\t\t\t\t<\/div>\n\t\t\t\t<\/div>\n\t\t\t\t<div class=\"elementor-element elementor-element-6b0f0d4 elementor-widget elementor-widget-text-editor\" data-id=\"6b0f0d4\" data-element_type=\"widget\" data-e-type=\"widget\" data-widget_type=\"text-editor.default\">\n\t\t\t\t<div class=\"elementor-widget-container\">\n\t\t\t\t\t\t\t\t\t<p><strong>Descripci\u00f3n:<br><\/strong><span style=\"color: var( --e-global-color-primary ); font-family: var( --e-global-typography-text-font-family ), Sans-serif; font-weight: var( --e-global-typography-text-font-weight ); text-align: var(--text-align); font-size: 1rem;\">La RIIEL, Red Internacional de Investigaci\u00f3n sobre Educaci\u00f3n en L\u00ednea, en la que participan miembros del Espacio Com\u00fan de Educaci\u00f3n Superior en L\u00ednea de Am\u00e9rica Latina y el Caribe en el marco de la UDUAL, organiza este taller para compartir y ejercitar la autoevaluaci\u00f3n sobre el modo como las instituciones est\u00e1n operando megatendencias de Personalizaci\u00f3n, Virtualizaci\u00f3n e Inteligencia en procesos acad\u00e9micos tales como: el desarrollo de Modelos educativos, la Gesti\u00f3n curricular, la gesti\u00f3n&nbsp; de modalidades educativas y la gesti\u00f3n de pol\u00edticas de innovaci\u00f3n educativa.<\/span><\/p>\n<p><span style=\"color: var( --e-global-color-primary ); font-family: var( --e-global-typography-text-font-family ), Sans-serif; text-align: var(--text-align); font-size: 1rem;\"><b>Objetivos:<br><\/b><\/span><span style=\"color: var( --e-global-color-primary ); font-family: var( --e-global-typography-text-font-family ), Sans-serif; font-weight: var( --e-global-typography-text-font-weight ); text-align: var(--text-align); font-size: 1rem;\">Promover una visi\u00f3n internacional compartida en torno a los desaf\u00edos de la transformaci\u00f3n digital en las instituciones de Educaci\u00f3n Superior, considerando la incidencia de Megatendencias en procesos acad\u00e9micos y el uso de un modelo de autoevaluaci\u00f3n con categor\u00edas e indicadores desarrollados para ese prop\u00f3sito.<\/span><\/p>\n<p><span style=\"color: var( --e-global-color-primary ); font-family: var( --e-global-typography-text-font-family ), Sans-serif; text-align: var(--text-align); font-size: 1rem;\"><b>Contenidos tem\u00e1ticos:<br><\/b><\/span><span style=\"color: var( --e-global-color-primary ); font-family: var( --e-global-typography-text-font-family ), Sans-serif; font-weight: var( --e-global-typography-text-font-weight ); text-align: var(--text-align); font-size: 1rem;\">1. Megatendencias y transformaci\u00f3n digital de las Instituciones de Educaci\u00f3n Superior<br><\/span><span style=\"color: var( --e-global-color-primary ); font-family: var( --e-global-typography-text-font-family ), Sans-serif; font-size: 1rem; font-weight: var( --e-global-typography-text-font-weight ); text-align: var(--text-align);\">2. Definici\u00f3n de categor\u00edas e indicadores para la observaci\u00f3n de la transformaci\u00f3n digital en procesos acad\u00e9micos en las IES<br><\/span><span style=\"color: var( --e-global-color-primary ); font-family: var( --e-global-typography-text-font-family ), Sans-serif; font-size: 1rem; font-weight: var( --e-global-typography-text-font-weight ); text-align: var(--text-align);\">3. Hallazgos en el ejercicio aplicaci\u00f3n del instrumento de autoevaluaci\u00f3n y desaf\u00edos institucionales.<\/span><\/p>\n<p><strong>Requerimientos para los participantes:<\/strong><br>Equipo de c\u00f3mputo port\u00e1til, acceso a internet.<\/p>\t\t\t\t\t\t\t\t<\/div>\n\t\t\t\t<\/div>\n\t\t\t\t<div class=\"elementor-element elementor-element-76a1050 elementor-widget elementor-widget-image\" data-id=\"76a1050\" data-element_type=\"widget\" data-e-type=\"widget\" data-widget_type=\"image.default\">\n\t\t\t\t<div class=\"elementor-widget-container\">\n\t\t\t\t\t\t\t\t\t\t\t\t\t\t\t<img decoding=\"async\" width=\"800\" height=\"7\" src=\"https:\/\/encuentro.udgvirtual.udg.mx\/wp-content\/uploads\/2024\/10\/Banner_Separador_Linea-1024x9.png\" class=\"attachment-large size-large wp-image-621\" alt=\"\" srcset=\"https:\/\/encuentro.udgvirtual.udg.mx\/wp-content\/uploads\/2024\/10\/Banner_Separador_Linea-1024x9.png 1024w, https:\/\/encuentro.udgvirtual.udg.mx\/wp-content\/uploads\/2024\/10\/Banner_Separador_Linea-300x3.png 300w, https:\/\/encuentro.udgvirtual.udg.mx\/wp-content\/uploads\/2024\/10\/Banner_Separador_Linea-768x7.png 768w, https:\/\/encuentro.udgvirtual.udg.mx\/wp-content\/uploads\/2024\/10\/Banner_Separador_Linea-1536x14.png 1536w, https:\/\/encuentro.udgvirtual.udg.mx\/wp-content\/uploads\/2024\/10\/Banner_Separador_Linea-2048x18.png 2048w\" sizes=\"(max-width: 800px) 100vw, 800px\" \/>\t\t\t\t\t\t\t\t\t\t\t\t\t\t\t<\/div>\n\t\t\t\t<\/div>\n\t\t\t\t\t<\/div>\n\t\t\t\t<\/div>\n\t\t<div class=\"elementor-element elementor-element-37e6286 e-flex e-con-boxed e-con e-parent\" data-id=\"37e6286\" data-element_type=\"container\" data-e-type=\"container\">\n\t\t\t\t\t<div class=\"e-con-inner\">\n\t\t\t\t<div class=\"elementor-element elementor-element-a471576 elementor-widget elementor-widget-heading\" data-id=\"a471576\" data-element_type=\"widget\" data-e-type=\"widget\" id=\"T5\" data-widget_type=\"heading.default\">\n\t\t\t\t<div class=\"elementor-widget-container\">\n\t\t\t\t\t<h2 class=\"elementor-heading-title elementor-size-default\">Portafolio docente para la educaci\u00f3n virtual<\/h2>\t\t\t\t<\/div>\n\t\t\t\t<\/div>\n\t\t\t\t<div class=\"elementor-element elementor-element-85436ea elementor-widget elementor-widget-heading\" data-id=\"85436ea\" data-element_type=\"widget\" data-e-type=\"widget\" data-widget_type=\"heading.default\">\n\t\t\t\t<div class=\"elementor-widget-container\">\n\t\t\t\t\t<h4 class=\"elementor-heading-title elementor-size-default\">Modalidad: presencial<\/h4>\t\t\t\t<\/div>\n\t\t\t\t<\/div>\n\t\t<div class=\"elementor-element elementor-element-cf4446b e-grid e-con-full e-con e-child\" data-id=\"cf4446b\" data-element_type=\"container\" data-e-type=\"container\">\n\t\t\t\t<div class=\"elementor-element elementor-element-8f939bc elementor-widget__width-initial elementor-widget elementor-widget-testimonial\" data-id=\"8f939bc\" data-element_type=\"widget\" data-e-type=\"widget\" data-widget_type=\"testimonial.default\">\n\t\t\t\t<div class=\"elementor-widget-container\">\n\t\t\t\t\t\t\t<div class=\"elementor-testimonial-wrapper\">\n\t\t\t\n\t\t\t\t\t\t<div class=\"elementor-testimonial-meta elementor-has-image elementor-testimonial-image-position-top\">\n\t\t\t\t<div class=\"elementor-testimonial-meta-inner\">\n\t\t\t\t\t\t\t\t\t\t\t<div class=\"elementor-testimonial-image\">\n\t\t\t\t\t\t\t<img loading=\"lazy\" decoding=\"async\" width=\"350\" height=\"350\" src=\"https:\/\/encuentro.udgvirtual.udg.mx\/wp-content\/uploads\/2024\/11\/Ana-Karen-Mercado.jpg\" class=\"attachment-full size-full wp-image-768\" alt=\"\" srcset=\"https:\/\/encuentro.udgvirtual.udg.mx\/wp-content\/uploads\/2024\/11\/Ana-Karen-Mercado.jpg 350w, https:\/\/encuentro.udgvirtual.udg.mx\/wp-content\/uploads\/2024\/11\/Ana-Karen-Mercado-300x300.jpg 300w, https:\/\/encuentro.udgvirtual.udg.mx\/wp-content\/uploads\/2024\/11\/Ana-Karen-Mercado-150x150.jpg 150w\" sizes=\"(max-width: 350px) 100vw, 350px\" \/>\t\t\t\t\t\t<\/div>\n\t\t\t\t\t\n\t\t\t\t\t\t\t\t\t\t<div class=\"elementor-testimonial-details\">\n\t\t\t\t\t\t\t\t\t\t\t\t\t\t<div class=\"elementor-testimonial-name\">Ana Karen Mercado Castellanos<\/div>\n\t\t\t\t\t\t\t\t\t\t\t\t\t\t\t\t\t\t\t<\/div>\n\t\t\t\t\t\t\t\t\t<\/div>\n\t\t\t<\/div>\n\t\t\t\t\t<\/div>\n\t\t\t\t\t\t<\/div>\n\t\t\t\t<\/div>\n\t\t\t\t<div class=\"elementor-element elementor-element-3318ca4 elementor-widget__width-initial elementor-widget elementor-widget-testimonial\" data-id=\"3318ca4\" data-element_type=\"widget\" data-e-type=\"widget\" data-widget_type=\"testimonial.default\">\n\t\t\t\t<div class=\"elementor-widget-container\">\n\t\t\t\t\t\t\t<div class=\"elementor-testimonial-wrapper\">\n\t\t\t\n\t\t\t\t\t\t<div class=\"elementor-testimonial-meta elementor-has-image elementor-testimonial-image-position-top\">\n\t\t\t\t<div class=\"elementor-testimonial-meta-inner\">\n\t\t\t\t\t\t\t\t\t\t\t<div class=\"elementor-testimonial-image\">\n\t\t\t\t\t\t\t<img loading=\"lazy\" decoding=\"async\" width=\"291\" height=\"339\" src=\"https:\/\/encuentro.udgvirtual.udg.mx\/wp-content\/uploads\/2024\/10\/Dr.-Omar-Karim-Herna\u0301ndez-Romo-e1731085723609.jpg\" class=\"attachment-full size-full wp-image-635\" alt=\"\" srcset=\"https:\/\/encuentro.udgvirtual.udg.mx\/wp-content\/uploads\/2024\/10\/Dr.-Omar-Karim-Herna\u0301ndez-Romo-e1731085723609.jpg 291w, https:\/\/encuentro.udgvirtual.udg.mx\/wp-content\/uploads\/2024\/10\/Dr.-Omar-Karim-Herna\u0301ndez-Romo-e1731085723609-258x300.jpg 258w\" sizes=\"(max-width: 291px) 100vw, 291px\" \/>\t\t\t\t\t\t<\/div>\n\t\t\t\t\t\n\t\t\t\t\t\t\t\t\t\t<div class=\"elementor-testimonial-details\">\n\t\t\t\t\t\t\t\t\t\t\t\t\t\t<div class=\"elementor-testimonial-name\">Omar Karim Hern\u00e1ndez Romo<\/div>\n\t\t\t\t\t\t\t\t\t\t\t\t\t\t\t\t\t\t\t<\/div>\n\t\t\t\t\t\t\t\t\t<\/div>\n\t\t\t<\/div>\n\t\t\t\t\t<\/div>\n\t\t\t\t\t\t<\/div>\n\t\t\t\t<\/div>\n\t\t\t\t<\/div>\n\t\t\t\t<div class=\"elementor-element elementor-element-8d9e0f9 elementor-widget elementor-widget-text-editor\" data-id=\"8d9e0f9\" data-element_type=\"widget\" data-e-type=\"widget\" data-widget_type=\"text-editor.default\">\n\t\t\t\t<div class=\"elementor-widget-container\">\n\t\t\t\t\t\t\t\t\t<p><strong>Descripci\u00f3n: <br \/><\/strong>A trav\u00e9s del taller para la creaci\u00f3n de portafolio digital docente, los participantes podr\u00e1n reflejar logros, proyectos, publicaciones, trayectoria acad\u00e9mica y profesional, promoviendo un entorno de aprendizaje m\u00e1s contextualizado y motivador.<br \/>Durante el taller, se explorar\u00e1n diversas herramientas digitales como Bulp, Google Sites, Mahara y Portafolium, que permitir\u00e1n a los docentes crear portafolios interactivos, din\u00e1micos y personalizados.<\/p><p><strong>Objetivos: <\/strong><br \/>Desarrollar un portafolio docente digital que destaque la formaci\u00f3n acad\u00e9mica, experiencia profesional, y recursos educativos de los profesores para entornos virtuales, con el fin de mejorar la transparencia y fortalecer la conexi\u00f3n entre estudiantes y docentes.<\/p><p><strong>Contenidos tem\u00e1ticos:<\/strong><br \/>Introducci\u00f3n y conceptualizaci\u00f3n del portafolio docente Ejemplos de portafolio docente Plataformas para crear portafolios docentes Creaci\u00f3n del portafolio docente<\/p><p><strong>Requerimientos para los participantes:<\/strong><br \/>Equipo de c\u00f3mputo port\u00e1til, documentos: curriculum actualizado y acceso a los materiales did\u00e1cticos y contenido de sus cursos.<\/p>\t\t\t\t\t\t\t\t<\/div>\n\t\t\t\t<\/div>\n\t\t\t\t<div class=\"elementor-element elementor-element-065b040 elementor-widget elementor-widget-image\" data-id=\"065b040\" data-element_type=\"widget\" data-e-type=\"widget\" data-widget_type=\"image.default\">\n\t\t\t\t<div class=\"elementor-widget-container\">\n\t\t\t\t\t\t\t\t\t\t\t\t\t\t\t<img decoding=\"async\" width=\"800\" height=\"7\" src=\"https:\/\/encuentro.udgvirtual.udg.mx\/wp-content\/uploads\/2024\/10\/Banner_Separador_Linea-1024x9.png\" class=\"attachment-large size-large wp-image-621\" alt=\"\" srcset=\"https:\/\/encuentro.udgvirtual.udg.mx\/wp-content\/uploads\/2024\/10\/Banner_Separador_Linea-1024x9.png 1024w, https:\/\/encuentro.udgvirtual.udg.mx\/wp-content\/uploads\/2024\/10\/Banner_Separador_Linea-300x3.png 300w, https:\/\/encuentro.udgvirtual.udg.mx\/wp-content\/uploads\/2024\/10\/Banner_Separador_Linea-768x7.png 768w, https:\/\/encuentro.udgvirtual.udg.mx\/wp-content\/uploads\/2024\/10\/Banner_Separador_Linea-1536x14.png 1536w, https:\/\/encuentro.udgvirtual.udg.mx\/wp-content\/uploads\/2024\/10\/Banner_Separador_Linea-2048x18.png 2048w\" sizes=\"(max-width: 800px) 100vw, 800px\" \/>\t\t\t\t\t\t\t\t\t\t\t\t\t\t\t<\/div>\n\t\t\t\t<\/div>\n\t\t\t\t\t<\/div>\n\t\t\t\t<\/div>\n\t\t<div class=\"elementor-element elementor-element-3013bb3 e-flex e-con-boxed e-con e-parent\" data-id=\"3013bb3\" data-element_type=\"container\" data-e-type=\"container\">\n\t\t\t\t\t<div class=\"e-con-inner\">\n\t\t\t\t<div class=\"elementor-element elementor-element-8f47084 elementor-widget elementor-widget-heading\" data-id=\"8f47084\" data-element_type=\"widget\" data-e-type=\"widget\" data-widget_type=\"heading.default\">\n\t\t\t\t<div class=\"elementor-widget-container\">\n\t\t\t\t\t<h2 class=\"elementor-heading-title elementor-size-default\">Recorridos Virtuales en Entornos 360<\/h2>\t\t\t\t<\/div>\n\t\t\t\t<\/div>\n\t\t\t\t<div class=\"elementor-element elementor-element-6182efe elementor-widget elementor-widget-heading\" data-id=\"6182efe\" data-element_type=\"widget\" data-e-type=\"widget\" data-widget_type=\"heading.default\">\n\t\t\t\t<div class=\"elementor-widget-container\">\n\t\t\t\t\t<h4 class=\"elementor-heading-title elementor-size-default\">Modalidad: virtual<\/h4>\t\t\t\t<\/div>\n\t\t\t\t<\/div>\n\t\t<div class=\"elementor-element elementor-element-184b4b4 e-grid e-con-full e-con e-child\" data-id=\"184b4b4\" data-element_type=\"container\" data-e-type=\"container\">\n\t\t\t\t<div class=\"elementor-element elementor-element-f4b54cc elementor-widget__width-initial elementor-widget elementor-widget-testimonial\" data-id=\"f4b54cc\" data-element_type=\"widget\" data-e-type=\"widget\" data-widget_type=\"testimonial.default\">\n\t\t\t\t<div class=\"elementor-widget-container\">\n\t\t\t\t\t\t\t<div class=\"elementor-testimonial-wrapper\">\n\t\t\t\n\t\t\t\t\t\t<div class=\"elementor-testimonial-meta elementor-has-image elementor-testimonial-image-position-top\">\n\t\t\t\t<div class=\"elementor-testimonial-meta-inner\">\n\t\t\t\t\t\t\t\t\t\t\t<div class=\"elementor-testimonial-image\">\n\t\t\t\t\t\t\t<img loading=\"lazy\" decoding=\"async\" width=\"768\" height=\"567\" src=\"https:\/\/encuentro.udgvirtual.udg.mx\/wp-content\/uploads\/2024\/11\/Dra.-Rosario-Lucero-Cavazos-Salazar-768x567.png\" class=\"attachment-medium_large size-medium_large wp-image-713\" alt=\"\" srcset=\"https:\/\/encuentro.udgvirtual.udg.mx\/wp-content\/uploads\/2024\/11\/Dra.-Rosario-Lucero-Cavazos-Salazar-768x567.png 768w, https:\/\/encuentro.udgvirtual.udg.mx\/wp-content\/uploads\/2024\/11\/Dra.-Rosario-Lucero-Cavazos-Salazar-300x221.png 300w, https:\/\/encuentro.udgvirtual.udg.mx\/wp-content\/uploads\/2024\/11\/Dra.-Rosario-Lucero-Cavazos-Salazar.png 970w\" sizes=\"(max-width: 768px) 100vw, 768px\" \/>\t\t\t\t\t\t<\/div>\n\t\t\t\t\t\n\t\t\t\t\t\t\t\t\t\t<div class=\"elementor-testimonial-details\">\n\t\t\t\t\t\t\t\t\t\t\t\t\t\t<div class=\"elementor-testimonial-name\">Rosario Lucero Cavazos Salazar<\/div>\n\t\t\t\t\t\t\t\t\t\t\t\t\t\t\t\t\t\t\t<\/div>\n\t\t\t\t\t\t\t\t\t<\/div>\n\t\t\t<\/div>\n\t\t\t\t\t<\/div>\n\t\t\t\t\t\t<\/div>\n\t\t\t\t<\/div>\n\t\t\t\t<div class=\"elementor-element elementor-element-c19505b elementor-widget__width-initial elementor-widget elementor-widget-testimonial\" data-id=\"c19505b\" data-element_type=\"widget\" data-e-type=\"widget\" data-widget_type=\"testimonial.default\">\n\t\t\t\t<div class=\"elementor-widget-container\">\n\t\t\t\t\t\t\t<div class=\"elementor-testimonial-wrapper\">\n\t\t\t\n\t\t\t\t\t\t<div class=\"elementor-testimonial-meta elementor-has-image elementor-testimonial-image-position-top\">\n\t\t\t\t<div class=\"elementor-testimonial-meta-inner\">\n\t\t\t\t\t\t\t\t\t\t\t<div class=\"elementor-testimonial-image\">\n\t\t\t\t\t\t\t<img loading=\"lazy\" decoding=\"async\" width=\"768\" height=\"621\" src=\"https:\/\/encuentro.udgvirtual.udg.mx\/wp-content\/uploads\/2024\/11\/Mtro.-Hugo-Marti\u0301n-de-Jesu\u0301s-Ibarra-Elizondo-e1731082572845-768x621.jpg\" class=\"attachment-medium_large size-medium_large wp-image-714\" alt=\"\" srcset=\"https:\/\/encuentro.udgvirtual.udg.mx\/wp-content\/uploads\/2024\/11\/Mtro.-Hugo-Marti\u0301n-de-Jesu\u0301s-Ibarra-Elizondo-e1731082572845-768x621.jpg 768w, https:\/\/encuentro.udgvirtual.udg.mx\/wp-content\/uploads\/2024\/11\/Mtro.-Hugo-Marti\u0301n-de-Jesu\u0301s-Ibarra-Elizondo-e1731082572845-300x243.jpg 300w, https:\/\/encuentro.udgvirtual.udg.mx\/wp-content\/uploads\/2024\/11\/Mtro.-Hugo-Marti\u0301n-de-Jesu\u0301s-Ibarra-Elizondo-e1731082572845.jpg 878w\" sizes=\"(max-width: 768px) 100vw, 768px\" \/>\t\t\t\t\t\t<\/div>\n\t\t\t\t\t\n\t\t\t\t\t\t\t\t\t\t<div class=\"elementor-testimonial-details\">\n\t\t\t\t\t\t\t\t\t\t\t\t\t\t<div class=\"elementor-testimonial-name\">Hugo Mart\u00edn de Jes\u00fas Ibarra Elizondo<\/div>\n\t\t\t\t\t\t\t\t\t\t\t\t\t\t\t\t\t\t\t<\/div>\n\t\t\t\t\t\t\t\t\t<\/div>\n\t\t\t<\/div>\n\t\t\t\t\t<\/div>\n\t\t\t\t\t\t<\/div>\n\t\t\t\t<\/div>\n\t\t\t\t<\/div>\n\t\t\t\t<div class=\"elementor-element elementor-element-53c7497 elementor-widget elementor-widget-text-editor\" data-id=\"53c7497\" data-element_type=\"widget\" data-e-type=\"widget\" data-widget_type=\"text-editor.default\">\n\t\t\t\t<div class=\"elementor-widget-container\">\n\t\t\t\t\t\t\t\t\t<p><strong>Descripci\u00f3n:<br \/><\/strong><span style=\"color: var( --e-global-color-primary ); font-family: var( --e-global-typography-text-font-family ), Sans-serif; font-weight: var( --e-global-typography-text-font-weight ); text-align: var(--text-align); font-size: 1rem;\">Crea espacios interactivos virtuales para ofrecer clases en un entorno de Metaverso, colaborando con otros usuarios, teniendo una sensaci\u00f3n inmersiva, l\u00fadica e interactiva.<\/span><\/p><p><b>Objetivos:\u00a0<br \/><\/b><span style=\"color: var( --e-global-color-primary ); font-family: var( --e-global-typography-text-font-family ), Sans-serif; font-weight: var( --e-global-typography-text-font-weight ); text-align: var(--text-align); font-size: 1rem;\">Aprender a dise\u00f1ar y construir entornos virtuales en 3D, como museos o espacios abiertos, donde se pueda integrar informaci\u00f3n relevante y facilitar la exploraci\u00f3n del entorno desde una p\u00e1gina web. Adem\u00e1s, se explorar\u00e1 la opci\u00f3n de interacci\u00f3n en tiempo real con otros usuarios en un entorno multijugador, empleando la plataforma Frame VR.<\/span><\/p><p>\u00a0<\/p><p><b>Contenidos tem\u00e1ticos:<br \/><\/b>\u2022\u00a0 \u00a0<span style=\"color: var( --e-global-color-primary ); font-family: var( --e-global-typography-text-font-family ), Sans-serif; font-weight: var( --e-global-typography-text-font-weight ); text-align: var(--text-align); font-size: 1rem;\">Introducci\u00f3n a la creaci\u00f3n de entornos virtuales en 3D.<br \/><\/span>\u2022\u00a0 \u00a0<span style=\"color: var( --e-global-color-primary ); font-family: var( --e-global-typography-text-font-family ), Sans-serif; font-weight: var( --e-global-typography-text-font-weight ); text-align: var(--text-align); font-size: 1rem;\">Configuraci\u00f3n de elementos interactivos y de informaci\u00f3n en el entorno.<br \/><\/span>\u2022\u00a0 \u00a0<span style=\"color: var( --e-global-color-primary ); font-family: var( --e-global-typography-text-font-family ), Sans-serif; font-weight: var( --e-global-typography-text-font-weight ); text-align: var(--text-align); font-size: 1rem;\">Creaci\u00f3n y configuraci\u00f3n de espacios multijugador con FrameVR.<\/span><\/p><p><span style=\"color: var( --e-global-color-primary ); font-family: var( --e-global-typography-text-font-family ), Sans-serif; text-align: var(--text-align); font-size: 1rem;\"><b>Requerimientos para los participantes:<br \/><\/b><\/span><span style=\"color: var( --e-global-color-primary ); font-family: var( --e-global-typography-text-font-family ), Sans-serif; font-weight: var( --e-global-typography-text-font-weight ); text-align: var(--text-align); font-size: 1rem;\">Equipo de c\u00f3mputo port\u00e1til<\/span><span style=\"color: var( --e-global-color-primary ); font-family: var( --e-global-typography-text-font-family ), Sans-serif; font-weight: var( --e-global-typography-text-font-weight ); text-align: var(--text-align); font-size: 1rem;\">, acceso a internet.<\/span><\/p>\t\t\t\t\t\t\t\t<\/div>\n\t\t\t\t<\/div>\n\t\t\t\t<div class=\"elementor-element elementor-element-d93586f elementor-widget elementor-widget-image\" data-id=\"d93586f\" data-element_type=\"widget\" data-e-type=\"widget\" data-widget_type=\"image.default\">\n\t\t\t\t<div class=\"elementor-widget-container\">\n\t\t\t\t\t\t\t\t\t\t\t\t\t\t\t<img decoding=\"async\" width=\"800\" height=\"7\" src=\"https:\/\/encuentro.udgvirtual.udg.mx\/wp-content\/uploads\/2024\/10\/Banner_Separador_Linea-1024x9.png\" class=\"attachment-large size-large wp-image-621\" alt=\"\" srcset=\"https:\/\/encuentro.udgvirtual.udg.mx\/wp-content\/uploads\/2024\/10\/Banner_Separador_Linea-1024x9.png 1024w, https:\/\/encuentro.udgvirtual.udg.mx\/wp-content\/uploads\/2024\/10\/Banner_Separador_Linea-300x3.png 300w, https:\/\/encuentro.udgvirtual.udg.mx\/wp-content\/uploads\/2024\/10\/Banner_Separador_Linea-768x7.png 768w, https:\/\/encuentro.udgvirtual.udg.mx\/wp-content\/uploads\/2024\/10\/Banner_Separador_Linea-1536x14.png 1536w, https:\/\/encuentro.udgvirtual.udg.mx\/wp-content\/uploads\/2024\/10\/Banner_Separador_Linea-2048x18.png 2048w\" sizes=\"(max-width: 800px) 100vw, 800px\" \/>\t\t\t\t\t\t\t\t\t\t\t\t\t\t\t<\/div>\n\t\t\t\t<\/div>\n\t\t\t\t\t<\/div>\n\t\t\t\t<\/div>\n\t\t<div class=\"elementor-element elementor-element-b93f21a e-flex e-con-boxed e-con e-parent\" data-id=\"b93f21a\" data-element_type=\"container\" data-e-type=\"container\">\n\t\t\t\t\t<div class=\"e-con-inner\">\n\t\t\t\t<div class=\"elementor-element elementor-element-9981e23 elementor-widget elementor-widget-heading\" data-id=\"9981e23\" data-element_type=\"widget\" data-e-type=\"widget\" id=\"T6\" data-widget_type=\"heading.default\">\n\t\t\t\t<div class=\"elementor-widget-container\">\n\t\t\t\t\t<h2 class=\"elementor-heading-title elementor-size-default\">Uso de la inteligencia artificial en el proceso de redacci\u00f3n de art\u00edculos cient\u00edficos: una herramienta a favor<\/h2>\t\t\t\t<\/div>\n\t\t\t\t<\/div>\n\t\t\t\t<div class=\"elementor-element elementor-element-12e6336 elementor-widget elementor-widget-heading\" data-id=\"12e6336\" data-element_type=\"widget\" data-e-type=\"widget\" data-widget_type=\"heading.default\">\n\t\t\t\t<div class=\"elementor-widget-container\">\n\t\t\t\t\t<h4 class=\"elementor-heading-title elementor-size-default\">Modalidad: virtual<\/h4>\t\t\t\t<\/div>\n\t\t\t\t<\/div>\n\t\t<div class=\"elementor-element elementor-element-8e49f55 e-grid e-con-full e-con e-child\" data-id=\"8e49f55\" data-element_type=\"container\" data-e-type=\"container\">\n\t\t\t\t<div class=\"elementor-element elementor-element-757030c elementor-widget__width-initial elementor-widget elementor-widget-testimonial\" data-id=\"757030c\" data-element_type=\"widget\" data-e-type=\"widget\" data-widget_type=\"testimonial.default\">\n\t\t\t\t<div class=\"elementor-widget-container\">\n\t\t\t\t\t\t\t<div class=\"elementor-testimonial-wrapper\">\n\t\t\t\n\t\t\t\t\t\t<div class=\"elementor-testimonial-meta elementor-has-image elementor-testimonial-image-position-top\">\n\t\t\t\t<div class=\"elementor-testimonial-meta-inner\">\n\t\t\t\t\t\t\t\t\t\t\t<div class=\"elementor-testimonial-image\">\n\t\t\t\t\t\t\t<img loading=\"lazy\" decoding=\"async\" width=\"768\" height=\"1025\" src=\"https:\/\/encuentro.udgvirtual.udg.mx\/wp-content\/uploads\/2024\/10\/Mtra-Alicia-Zu\u0301n\u0303iga-Llamas_moderadora-martes-28_-768x1025.jpeg\" class=\"attachment-medium_large size-medium_large wp-image-645\" alt=\"\" srcset=\"https:\/\/encuentro.udgvirtual.udg.mx\/wp-content\/uploads\/2024\/10\/Mtra-Alicia-Zu\u0301n\u0303iga-Llamas_moderadora-martes-28_-768x1025.jpeg 768w, https:\/\/encuentro.udgvirtual.udg.mx\/wp-content\/uploads\/2024\/10\/Mtra-Alicia-Zu\u0301n\u0303iga-Llamas_moderadora-martes-28_-225x300.jpeg 225w, https:\/\/encuentro.udgvirtual.udg.mx\/wp-content\/uploads\/2024\/10\/Mtra-Alicia-Zu\u0301n\u0303iga-Llamas_moderadora-martes-28_-767x1024.jpeg 767w, https:\/\/encuentro.udgvirtual.udg.mx\/wp-content\/uploads\/2024\/10\/Mtra-Alicia-Zu\u0301n\u0303iga-Llamas_moderadora-martes-28_.jpeg 959w\" sizes=\"(max-width: 768px) 100vw, 768px\" \/>\t\t\t\t\t\t<\/div>\n\t\t\t\t\t\n\t\t\t\t\t\t\t\t\t\t<div class=\"elementor-testimonial-details\">\n\t\t\t\t\t\t\t\t\t\t\t\t\t\t<div class=\"elementor-testimonial-name\">Alicia Z\u00fa\u00f1iga Llamas<\/div>\n\t\t\t\t\t\t\t\t\t\t\t\t\t\t\t\t\t\t\t<\/div>\n\t\t\t\t\t\t\t\t\t<\/div>\n\t\t\t<\/div>\n\t\t\t\t\t<\/div>\n\t\t\t\t\t\t<\/div>\n\t\t\t\t<\/div>\n\t\t\t\t<\/div>\n\t\t\t\t<div class=\"elementor-element elementor-element-b4a4329 elementor-widget elementor-widget-text-editor\" data-id=\"b4a4329\" data-element_type=\"widget\" data-e-type=\"widget\" data-widget_type=\"text-editor.default\">\n\t\t\t\t<div class=\"elementor-widget-container\">\n\t\t\t\t\t\t\t\t\t<p><strong>Descripci\u00f3n:<\/strong><br \/>El taller est\u00e1 dirigido a estudiantes y acad\u00e9micos interesados en redactar un art\u00edculo acad\u00e9mico-cient\u00edfico, con el apoyo de la inteligencia artificial. Estudiaremos la estructura del art\u00edculo cient\u00edfico, el proceso de construcci\u00f3n y el uso del ChatGPT. Trabajaremos con un documento del participante en el taller: revisaremos la estructura, ejercitaremos algunos prompts y completaremos (ajustaremos) el documento.<\/p><p><strong>Objetivos: <\/strong><br \/>Aprender a redactar un art\u00edculo acad\u00e9mico-cient\u00edfico bien estructurado, completo y de calidad, con la ayuda de la herramienta ChatGPT.<\/p><p><strong>Contenidos tem\u00e1ticos:<\/strong><br \/>1- La escritura acad\u00e9mica: proceso estructural<br \/>\u00a0 \u00a0 \u2022 Caracter\u00edsticas y estructura del art\u00edculo cient\u00edfico<br \/>\u00a0 \u00a0 \u2022 Criterios de forma<br \/>2- Uso del ChatGPT en la redacci\u00f3n <br \/>\u00a0 \u00a0 \u2022 Aprender a escribir los promptsComputadora personal y un art\u00edculo original in\u00e9dito (finalizado o en proceso avanzado de redacci\u00f3n). Tener cuenta activa en el programa ChatGPT.<br \/>\u00a0 \u00a0 \u2022 Revisi\u00f3n y selecci\u00f3n de los resultados<br \/>\u00a0 \u00a0 \u2022 \u00c9tica en el uso<\/p><p><strong>Requerimientos para los participantes:<\/strong><br \/>Equipo de c\u00f3mputo port\u00e1til, acceso a internet.<\/p>\t\t\t\t\t\t\t\t<\/div>\n\t\t\t\t<\/div>\n\t\t\t\t<div class=\"elementor-element elementor-element-3b61078 elementor-widget elementor-widget-image\" data-id=\"3b61078\" data-element_type=\"widget\" data-e-type=\"widget\" data-widget_type=\"image.default\">\n\t\t\t\t<div class=\"elementor-widget-container\">\n\t\t\t\t\t\t\t\t\t\t\t\t\t\t\t<img loading=\"lazy\" decoding=\"async\" width=\"1140\" height=\"55\" src=\"https:\/\/encuentro.udgvirtual.udg.mx\/wp-content\/uploads\/2024\/10\/Banner_SeparadorA.png\" class=\"attachment-1536x1536 size-1536x1536 wp-image-230\" alt=\"\" srcset=\"https:\/\/encuentro.udgvirtual.udg.mx\/wp-content\/uploads\/2024\/10\/Banner_SeparadorA.png 1140w, https:\/\/encuentro.udgvirtual.udg.mx\/wp-content\/uploads\/2024\/10\/Banner_SeparadorA-300x14.png 300w, https:\/\/encuentro.udgvirtual.udg.mx\/wp-content\/uploads\/2024\/10\/Banner_SeparadorA-1024x49.png 1024w, https:\/\/encuentro.udgvirtual.udg.mx\/wp-content\/uploads\/2024\/10\/Banner_SeparadorA-768x37.png 768w\" sizes=\"(max-width: 1140px) 100vw, 1140px\" \/>\t\t\t\t\t\t\t\t\t\t\t\t\t\t\t<\/div>\n\t\t\t\t<\/div>\n\t\t\t\t\t<\/div>\n\t\t\t\t<\/div>\n\t\t\t\t<\/div>\n\t\t","protected":false},"excerpt":{"rendered":"<p>\u00cdNDICE Acciones de Innovaci\u00f3n educativa: el camino de la transformaci\u00f3n digital en la docencia Co-Dise\u00f1o de la ense\u00f1anza a trav\u00e9s del An\u00e1lisis y Dise\u00f1o Centrado en la Actividad (ACAD) en Educaci\u00f3n a Distancia Disrupciones de la Inteligencia Artificial en el Campus Universitario. Una visi\u00f3n hol\u00edstica Gamificaci\u00f3n y D&amp;D para Ense\u00f1ar Inteligencia Artificial Creativa Inclusi\u00f3n digital [&hellip;]<\/p>\n","protected":false},"author":2,"featured_media":0,"parent":0,"menu_order":0,"comment_status":"closed","ping_status":"closed","template":"","meta":{"footnotes":""},"class_list":["post-284","page","type-page","status-publish","hentry"],"_links":{"self":[{"href":"https:\/\/encuentro.udgvirtual.udg.mx\/index.php\/wp-json\/wp\/v2\/pages\/284","targetHints":{"allow":["GET"]}}],"collection":[{"href":"https:\/\/encuentro.udgvirtual.udg.mx\/index.php\/wp-json\/wp\/v2\/pages"}],"about":[{"href":"https:\/\/encuentro.udgvirtual.udg.mx\/index.php\/wp-json\/wp\/v2\/types\/page"}],"author":[{"embeddable":true,"href":"https:\/\/encuentro.udgvirtual.udg.mx\/index.php\/wp-json\/wp\/v2\/users\/2"}],"replies":[{"embeddable":true,"href":"https:\/\/encuentro.udgvirtual.udg.mx\/index.php\/wp-json\/wp\/v2\/comments?post=284"}],"version-history":[{"count":159,"href":"https:\/\/encuentro.udgvirtual.udg.mx\/index.php\/wp-json\/wp\/v2\/pages\/284\/revisions"}],"predecessor-version":[{"id":991,"href":"https:\/\/encuentro.udgvirtual.udg.mx\/index.php\/wp-json\/wp\/v2\/pages\/284\/revisions\/991"}],"wp:attachment":[{"href":"https:\/\/encuentro.udgvirtual.udg.mx\/index.php\/wp-json\/wp\/v2\/media?parent=284"}],"curies":[{"name":"wp","href":"https:\/\/api.w.org\/{rel}","templated":true}]}}