{"id":11,"date":"2024-09-26T14:05:12","date_gmt":"2024-09-26T14:05:12","guid":{"rendered":"https:\/\/encuentro.udgvirtual.udg.mx\/?page_id=11"},"modified":"2024-10-15T17:38:23","modified_gmt":"2024-10-15T17:38:23","slug":"convocatoria","status":"publish","type":"page","link":"https:\/\/encuentro.udgvirtual.udg.mx\/index.php\/convocatoria\/","title":{"rendered":"CONVOCATORIA"},"content":{"rendered":"\t\t<div data-elementor-type=\"wp-page\" data-elementor-id=\"11\" class=\"elementor elementor-11\">\n\t\t\t\t<div class=\"elementor-element elementor-element-6e01ae43 e-flex e-con-boxed e-con e-parent\" data-id=\"6e01ae43\" data-element_type=\"container\" data-e-type=\"container\">\n\t\t\t\t\t<div class=\"e-con-inner\">\n\t\t\t\t<div class=\"elementor-element elementor-element-13bc9f8 elementor-widget elementor-widget-image\" data-id=\"13bc9f8\" data-element_type=\"widget\" data-e-type=\"widget\" data-widget_type=\"image.default\">\n\t\t\t\t<div class=\"elementor-widget-container\">\n\t\t\t\t\t\t\t\t\t\t\t\t\t\t\t<img fetchpriority=\"high\" decoding=\"async\" width=\"1500\" height=\"703\" src=\"https:\/\/encuentro.udgvirtual.udg.mx\/wp-content\/uploads\/2024\/10\/Header_PortalWeb_32EIED-1.jpg\" class=\"attachment-full size-full wp-image-36\" alt=\"\" srcset=\"https:\/\/encuentro.udgvirtual.udg.mx\/wp-content\/uploads\/2024\/10\/Header_PortalWeb_32EIED-1.jpg 1500w, https:\/\/encuentro.udgvirtual.udg.mx\/wp-content\/uploads\/2024\/10\/Header_PortalWeb_32EIED-1-300x141.jpg 300w, https:\/\/encuentro.udgvirtual.udg.mx\/wp-content\/uploads\/2024\/10\/Header_PortalWeb_32EIED-1-1024x480.jpg 1024w, https:\/\/encuentro.udgvirtual.udg.mx\/wp-content\/uploads\/2024\/10\/Header_PortalWeb_32EIED-1-768x360.jpg 768w\" sizes=\"(max-width: 1500px) 100vw, 1500px\" \/>\t\t\t\t\t\t\t\t\t\t\t\t\t\t\t<\/div>\n\t\t\t\t<\/div>\n\t\t\t\t<div class=\"elementor-element elementor-element-b5b1099 elementor-widget elementor-widget-heading\" data-id=\"b5b1099\" data-element_type=\"widget\" data-e-type=\"widget\" data-widget_type=\"heading.default\">\n\t\t\t\t<div class=\"elementor-widget-container\">\n\t\t\t\t\t<h2 class=\"elementor-heading-title elementor-size-default\">CONVOCATORIA<\/h2>\t\t\t\t<\/div>\n\t\t\t\t<\/div>\n\t\t\t\t<div class=\"elementor-element elementor-element-56c2436 elementor-widget elementor-widget-text-editor\" data-id=\"56c2436\" data-element_type=\"widget\" data-e-type=\"widget\" data-widget_type=\"text-editor.default\">\n\t\t\t\t<div class=\"elementor-widget-container\">\n\t\t\t\t\t\t\t\t\t<p><\/p>\n<h5 class=\"wp-block-heading\">PARA PRESENTAR CONTRIBUCIONES<\/h5>\n<p><\/p>\n<p><\/p>\n<h6 class=\"wp-block-heading\"><\/h6>\n<p><\/p>\n<p><\/p>\n<p>La Universidad de Guadalajara, a trav\u00e9s de UDGPlus, se complace en invitar a personas investigadoras, profesorado, estudiantes de la Red Universitaria y p\u00fablico en general, a presentar sus contribuciones en las diversas modalidades y a participar en las actividades acad\u00e9micas.<\/p>\n<p><\/p>\n<p><\/p>\n<p>Ejes:<\/p>\n<p><\/p>\n<p><\/p>\n<p><strong>1)&nbsp;Desaf\u00edos de la Universidad en la era digital<\/strong><\/p>\n<p><\/p>\n<p><\/p>\n<ul class=\"wp-block-list\"><p><\/p>\n<li>Gesti\u00f3n de la multimodalidad en la Educaci\u00f3n Superior<\/li>\n<p><\/p>\n<p><\/p>\n<li>Transformaci\u00f3n digital y de los campos profesionales<\/li>\n<p><\/p>\n<p><\/p>\n<li>Colaboraci\u00f3n e internacionalizaci\u00f3n de la formaci\u00f3n profesional<\/li>\n<p><\/p>\n<p><\/p>\n<li>Universidad e inteligencia artificial: tendencias y escenarios<\/li><\/ul><div><br><\/div><ul class=\"wp-block-list\">\n<p><\/p><\/ul>\n<p><\/p>\n<p><\/p>\n<p>&nbsp;<strong>2)&nbsp;Pol\u00edticas, gesti\u00f3n y calidad de la educaci\u00f3n multimodal en un mundo conectado<\/strong><\/p>\n<p><\/p>\n<p><\/p>\n<ul class=\"wp-block-list\"><p><\/p>\n<li>Riesgos y oportunidades de la educaci\u00f3n masiva y automatizada<\/li>\n<p><\/p>\n<p><\/p>\n<li>Gesti\u00f3n del curr\u00edculum flexible y manejo de micro credenciales<\/li>\n<p><\/p>\n<p><\/p>\n<li>Desaf\u00edos y oportunidades en la educaci\u00f3n h\u00edbrida.<\/li>\n<p><\/p>\n<p><\/p>\n<li>Gesti\u00f3n y acreditaci\u00f3n de la calidad en la multimodalidad<\/li><\/ul><div><br><\/div><ul class=\"wp-block-list\">\n<p><\/p><\/ul>\n<p><\/p>\n<p><\/p>\n<p><strong>3)&nbsp;Educaci\u00f3n digital para la inclusi\u00f3n social<\/strong><\/p>\n<p><\/p>\n<p><\/p>\n<ul class=\"wp-block-list\"><p><\/p>\n<li>Gesti\u00f3n de la educaci\u00f3n inclusiva<\/li>\n<p><\/p>\n<p><\/p>\n<li>&nbsp;Pol\u00edticas y estrategias para la inclusi\u00f3n en la Educaci\u00f3n Superior<\/li>\n<p><\/p>\n<p><\/p>\n<li>Entornos y aplicaciones para la educaci\u00f3n intercultural<\/li>\n<p><\/p>\n<p><\/p>\n<li>Educaci\u00f3n para toda la vida<\/li><\/ul><div><br><\/div><ul class=\"wp-block-list\">\n<p><\/p><\/ul>\n<p><\/p>\n<p><\/p>\n<p><strong>4)&nbsp;Creatividad e innovaci\u00f3n educativa en las modalidades h\u00edbrida y en l\u00ednea<\/strong><\/p>\n<p><\/p>\n<p><\/p>\n<ul class=\"wp-block-list\"><p><\/p>\n<li>Aprendizaje aut\u00f3nomo: potenciando el estudiante del futuro<\/li>\n<p><\/p>\n<p><\/p>\n<li>Tecnolog\u00edas emergentes en la educaci\u00f3n virtual<\/li>\n<p><\/p>\n<p><\/p>\n<li>Ecosistemas de aprendizaje inteligente<\/li>\n<p><\/p>\n<p><\/p>\n<li>Salud emocional en la educaci\u00f3n multimodal<\/li><\/ul><div><br><\/div><ul class=\"wp-block-list\">\n<p><\/p><\/ul>\n<p><\/p>\n<p><\/p>\n<p><strong>Modalidad de participaci\u00f3n<\/strong><\/p>\n<p><\/p>\n<p><\/p>\n<p>Todas las personas interesadas podr\u00e1n participar a trav\u00e9s del env\u00edo de proyectos de intervenci\u00f3n e investigaci\u00f3n, propuestas metodol\u00f3gicas, experiencias educativas y trabajos te\u00f3ricos.<\/p>\n<p><\/p>\n<p><\/p>\n<p>Las contribuciones ser\u00e1n presentadas en los <strong>Laboratorios de futuros educativos<\/strong>, espacio para el intercambio de ideas y la construcci\u00f3n colectiva que contar\u00e1 con la participaci\u00f3n de expertos invitados como comentaristas y animadores de la discusi\u00f3n.<\/p>\n<p><\/p>\n<p><\/p>\n<p><strong>Bases de participaci\u00f3n<\/strong><\/p>\n<p><\/p>\n<p><\/p>\n<p>La participaci\u00f3n en los Laboratorios ser\u00e1 tanto en formato presencial como virtual.<\/p>\n<p><\/p>\n<p><\/p>\n<p><strong>Primera etapa<\/strong><\/p>\n<p><\/p>\n<p><\/p>\n<ol class=\"wp-block-list\"><p><\/p>\n<li>Quienes deseen participar con una contribuci\u00f3n deber\u00e1n enviar el resumen en formato Word (.docx) que no exceda las 1000 palabras.<\/li>\n<p><\/p>\n<p><\/p>\n<li>El resumen deber\u00e1 reflejar la estructura del trabajo y exponer de una manera explicativa y concisa cu\u00e1l es la pertinencia y relevancia para el campo de conocimiento.<\/li>\n<p><\/p>\n<p><\/p>\n<li>Deber\u00e1 contener:<\/li>\n<p><\/p>\n<p><\/p>\n<li>T\u00edtulo del trabajo, en may\u00fasculas y negritas (Planteamiento integrativo y explicativo de la ponencia. No debe exceder las 12 palabras).<\/li>\n<p><\/p>\n<p><\/p>\n<li>Eje tem\u00e1tico en el que se inscribe el resumen.<\/li>\n<p><\/p>\n<p><\/p>\n<li>Nombre(s) de qui\u00e9nes realizaron la contribuci\u00f3n.<\/li>\n<p><\/p>\n<p><\/p>\n<li>Instituci\u00f3n (universidad, empresa, dependencia gubernamental, organizaci\u00f3n civil).<\/li>\n<p><\/p>\n<p><\/p>\n<li>Adscripci\u00f3n (departamento, facultad, \u00e1rea, unidad).<\/li>\n<p><\/p>\n<p><\/p>\n<li>Correo electr\u00f3nico y tel\u00e9fono de contacto.<\/li>\n<p><\/p>\n<p><\/p>\n<li>Modalidad de presentaci\u00f3n (presencial o virtual).<\/li>\n<p><\/p>\n<p><\/p>\n<li>Formato del documento<\/li>\n<p><\/p>\n<p><\/p>\n<li>Tipo de fuente: Arial o Times New Roman, 12 puntos. Interlineado: 1.5<\/li>\n<p><\/p>\n<p><\/p>\n<li>M\u00e1rgenes: Normal Sup e Inf 2.5 cm, Izdo y Dcho 3 cm.<\/li>\n<p><\/p>\n<p><\/p>\n<li>La fecha l\u00edmite para enviar el resumen es el 31 de octubre del 2024.<\/li>\n<p><\/p>\n<p><\/p>\n<li>Se aceptar\u00e1 un m\u00e1ximo de tres autores por trabajo.<\/li>\n<p><\/p>\n<p><\/p>\n<li>Las contribuciones deber\u00e1n ser originales y producto de la sistematizaci\u00f3n de experiencias educativas, gesti\u00f3n institucional y de avances o resultados finales de investigaci\u00f3n.<\/li>\n<p><\/p>\n<p><\/p>\n<li>El\/la autor\/a principal deber\u00e1 enviar el resumen al siguiente enlace <a href=\"https:\/\/encuentro.udgvirtual.udg.mx\/ponencias\/index.php\/PonenciasEIED\/index\">https:\/\/encuentro.udgvirtual.udg.mx\/ponencias\/index.php\/PonenciasEIED\/index<\/a>&nbsp;<\/li>\n<p><\/p>\n<p><\/p>\n<li>Se aceptar\u00e1 la presentaci\u00f3n de un trabajo por ponente.<\/li>\n<p><\/p>\n<p><\/p>\n<li>El comit\u00e9 organizador del Encuentro se mantendr\u00e1 en contacto solo con el\/la autor\/a principal.<\/li>\n<p><\/p>\n<p><\/p>\n<li>El dictamen de aceptaci\u00f3n se emitir\u00e1 el 11 de noviembre del 2024.<\/li>\n<p><\/p><\/ol>\n<p><\/p>\n<p><\/p>\n<p><strong>Segunda etapa<\/strong><\/p>\n<p><\/p>\n<p><\/p>\n<p>Para la presentaci\u00f3n de la contribuci\u00f3n en el Laboratorio de innovaci\u00f3n educativa durante el Encuentro:<\/p>\n<p><\/p>\n<p><\/p>\n<ol class=\"wp-block-list\"><p><\/p>\n<li>El\/la autor\/a principal deber\u00e1 realizar una exposici\u00f3n de 10 minutos en la mesa.<\/li>\n<p><\/p>\n<p><\/p>\n<li>Se realizar\u00e1 una ronda de 05 minutos de comentarios de las personas expertas invitadas y la comunidad participante en el eje.<\/li>\n<p><\/p>\n<p><\/p>\n<li>Los laboratorios constituyen entornos propicios para proponer, generar nuevas ideas con la experiencia entre pares, e impactar de forma colaborativa y con visi\u00f3n innovadora los desaf\u00edos comunes.<\/li>\n<p><\/p><\/ol>\n<p><\/p>\n<p><\/p>\n<p><strong>Fechas importantes:<\/strong><\/p>\n<p><\/p>\n<p><\/p>\n<figure class=\"wp-block-table\">\n<table class=\"has-fixed-layout\">\n<tbody>\n<tr>\n<td>Fecha l\u00edmite para la recepci\u00f3n de res\u00famenes de ponencias<\/td>\n<td>31 octubre<\/td>\n<\/tr>\n<tr>\n<td>Dictamen y notificaci\u00f3n de ponencias aceptadas<\/td>\n<td>11 de noviembre<\/td>\n<\/tr>\n<tr>\n<td>Fecha l\u00edmite de inscripci\u00f3n y pago de ponentes<\/td>\n<td>22 de noviembre<\/td>\n<\/tr>\n<tr>\n<td>Publicaci\u00f3n del programa de Laboratorios de futuros educativos<\/td>\n<td>27 de noviembre<\/td>\n<\/tr>\n<\/tbody>\n<\/table>\n<\/figure>\n<p><\/p>\n<p><\/p>\n<p><a><\/a>Para informes o consultas:<\/p>\n<p><\/p>\n<p><\/p>\n<p><a><\/a>Correo: ponencias<a href=\"mailto:encuentro@udgvirtual.udg.mx\">@udgvirtual.udg.mx<\/a>&nbsp;<\/p>\n<p><\/p>\n<p><\/p>\n<p><a><\/a>N\u00famero de tel\u00e9fono: 33 3134 2222 ext 18777<\/p>\n<p><\/p>\n<p><\/p>\n<p><\/p>\n<p><\/p>\n<div class=\"wp-block-buttons is-content-justification-center is-layout-flex wp-container-core-buttons-is-layout-16018d1d wp-block-buttons-is-layout-flex\"><p><\/p>\n<div class=\"wp-block-button\"><a class=\"wp-block-button__link has-text-align-center wp-element-button\" href=\"https:\/\/encuentro.udgvirtual.udg.mx\/wp-content\/uploads\/2024\/09\/Convocatoria_32EIED_03.pdf\">Descarga la convocatoria<\/a><\/div>\n<p><\/p><\/div>\n<p><\/p>\n<p><\/p>\n<p class=\"has-text-align-center\">\n<\/p><p><\/p>\n<p><\/p>\n<p><\/p>\n<p><\/p>\n<p><\/p>\n<p><\/p>\n<div class=\"wp-block-group alignfull has-base-color has-contrast-background-color has-text-color has-background\" style=\"margin-top:0;margin-bottom:0;padding-top:var(--wp--preset--spacing--60);padding-right:var(--wp--preset--spacing--60);padding-bottom:var(--wp--preset--spacing--60);padding-left:var(--wp--preset--spacing--60)\"><div class=\"wp-block-group__inner-container is-layout-constrained wp-container-core-group-is-layout-6b0914bc wp-block-group-is-layout-constrained\"><p><\/p>\n<figure class=\"wp-block-image size-large is-resized\"><img decoding=\"async\" width=\"1024\" height=\"92\" src=\"https:\/\/encuentro.udgvirtual.udg.mx\/wp-content\/uploads\/2024\/09\/Logos_PortalWeb_32EIED_Blanco-1024x92.png\" alt=\"\" class=\"wp-image-10\" style=\"width:620px;height:auto\" srcset=\"https:\/\/encuentro.udgvirtual.udg.mx\/wp-content\/uploads\/2024\/09\/Logos_PortalWeb_32EIED_Blanco-1024x92.png 1024w, https:\/\/encuentro.udgvirtual.udg.mx\/wp-content\/uploads\/2024\/09\/Logos_PortalWeb_32EIED_Blanco-300x27.png 300w, https:\/\/encuentro.udgvirtual.udg.mx\/wp-content\/uploads\/2024\/09\/Logos_PortalWeb_32EIED_Blanco-768x69.png 768w, https:\/\/encuentro.udgvirtual.udg.mx\/wp-content\/uploads\/2024\/09\/Logos_PortalWeb_32EIED_Blanco.png 1500w\" sizes=\"(max-width: 1024px) 100vw, 1024px\" \/><\/figure>\n<p><\/p><\/div><\/div>\n<p><\/p>\n<p><\/p>\n<p><\/p>\t\t\t\t\t\t\t\t<\/div>\n\t\t\t\t<\/div>\n\t\t\t\t\t<\/div>\n\t\t\t\t<\/div>\n\t\t\t\t<\/div>\n\t\t","protected":false},"excerpt":{"rendered":"<p>CONVOCATORIA PARA PRESENTAR CONTRIBUCIONES La Universidad de Guadalajara, a trav\u00e9s de UDGPlus, se complace en invitar a personas investigadoras, profesorado, estudiantes de la Red Universitaria y p\u00fablico en general, a presentar sus contribuciones en las diversas modalidades y a participar en las actividades acad\u00e9micas. Ejes: 1)&nbsp;Desaf\u00edos de la Universidad en la era digital &nbsp;2)&nbsp;Pol\u00edticas, gesti\u00f3n [&hellip;]<\/p>\n","protected":false},"author":2,"featured_media":0,"parent":0,"menu_order":0,"comment_status":"closed","ping_status":"closed","template":"","meta":{"footnotes":""},"class_list":["post-11","page","type-page","status-publish","hentry"],"_links":{"self":[{"href":"https:\/\/encuentro.udgvirtual.udg.mx\/index.php\/wp-json\/wp\/v2\/pages\/11","targetHints":{"allow":["GET"]}}],"collection":[{"href":"https:\/\/encuentro.udgvirtual.udg.mx\/index.php\/wp-json\/wp\/v2\/pages"}],"about":[{"href":"https:\/\/encuentro.udgvirtual.udg.mx\/index.php\/wp-json\/wp\/v2\/types\/page"}],"author":[{"embeddable":true,"href":"https:\/\/encuentro.udgvirtual.udg.mx\/index.php\/wp-json\/wp\/v2\/users\/2"}],"replies":[{"embeddable":true,"href":"https:\/\/encuentro.udgvirtual.udg.mx\/index.php\/wp-json\/wp\/v2\/comments?post=11"}],"version-history":[{"count":20,"href":"https:\/\/encuentro.udgvirtual.udg.mx\/index.php\/wp-json\/wp\/v2\/pages\/11\/revisions"}],"predecessor-version":[{"id":165,"href":"https:\/\/encuentro.udgvirtual.udg.mx\/index.php\/wp-json\/wp\/v2\/pages\/11\/revisions\/165"}],"wp:attachment":[{"href":"https:\/\/encuentro.udgvirtual.udg.mx\/index.php\/wp-json\/wp\/v2\/media?parent=11"}],"curies":[{"name":"wp","href":"https:\/\/api.w.org\/{rel}","templated":true}]}}